{"id":21373,"date":"2025-05-20T12:55:25","date_gmt":"2025-05-20T12:55:25","guid":{"rendered":"https:\/\/veganic.bio\/carlos-ledo\/"},"modified":"2026-01-12T13:46:54","modified_gmt":"2026-01-12T13:46:54","slug":"carlos-ledo","status":"publish","type":"page","link":"https:\/\/veganic.bio\/pt-pt\/carlos-ledo\/","title":{"rendered":"Carlos Led\u00f3"},"content":{"rendered":"\t\t<div data-elementor-type=\"wp-page\" data-elementor-id=\"21373\" class=\"elementor elementor-21373 elementor-17792\" data-elementor-post-type=\"page\">\n\t\t\t\t<div data-particle_enable=\"false\" data-particle-mobile-disabled=\"false\" class=\"elementor-element elementor-element-e16c951 e-flex e-con-boxed e-con e-parent\" data-id=\"e16c951\" data-element_type=\"container\" data-e-type=\"container\" data-settings=\"{&quot;background_background&quot;:&quot;classic&quot;}\">\n\t\t\t\t\t<div class=\"e-con-inner\">\n\t\t<div data-particle_enable=\"false\" data-particle-mobile-disabled=\"false\" class=\"elementor-element elementor-element-74d44e9 e-con-full e-flex e-con e-child\" data-id=\"74d44e9\" data-element_type=\"container\" data-e-type=\"container\" data-settings=\"{&quot;background_background&quot;:&quot;classic&quot;}\">\n\t\t\t\t<div class=\"elementor-element elementor-element-11ade30 elementor-widget elementor-widget-heading\" data-id=\"11ade30\" data-element_type=\"widget\" data-e-type=\"widget\" data-widget_type=\"heading.default\">\n\t\t\t\t\t<h1 class=\"elementor-heading-title elementor-size-default\">Conhe\u00e7a o nosso fundador<\/h1>\t\t\t\t<\/div>\n\t\t\t\t<div class=\"elementor-element elementor-element-998695f elementor-widget elementor-widget-heading\" data-id=\"998695f\" data-element_type=\"widget\" data-e-type=\"widget\" data-widget_type=\"heading.default\">\n\t\t\t\t\t<h2 class=\"elementor-heading-title elementor-size-default\">Carlos Led\u00f3<\/h2>\t\t\t\t<\/div>\n\t\t\t\t<div class=\"elementor-element elementor-element-ba8fa86 elementor-widget elementor-widget-image\" data-id=\"ba8fa86\" data-element_type=\"widget\" data-e-type=\"widget\" data-widget_type=\"image.default\">\n\t\t\t\t\t\t\t\t\t\t\t\t\t\t\t<img fetchpriority=\"high\" decoding=\"async\" width=\"1242\" height=\"788\" src=\"https:\/\/veganic.bio\/wp-content\/uploads\/2025\/05\/carlos.jpg\" class=\"attachment-full size-full wp-image-20856\" alt=\"\" srcset=\"https:\/\/veganic.bio\/wp-content\/uploads\/2025\/05\/carlos.jpg 1242w, https:\/\/veganic.bio\/wp-content\/uploads\/2025\/05\/carlos-1024x650.jpg 1024w, https:\/\/veganic.bio\/wp-content\/uploads\/2025\/05\/carlos-768x487.jpg 768w, https:\/\/veganic.bio\/wp-content\/uploads\/2025\/05\/carlos-600x381.jpg 600w\" sizes=\"(max-width: 1242px) 100vw, 1242px\" \/>\t\t\t\t\t\t\t\t\t\t\t\t\t\t\t<\/div>\n\t\t\t\t<div class=\"elementor-element elementor-element-56f904e elementor-shape-rounded elementor-grid-0 e-grid-align-center elementor-widget elementor-widget-social-icons\" data-id=\"56f904e\" data-element_type=\"widget\" data-e-type=\"widget\" data-widget_type=\"social-icons.default\">\n\t\t\t\t\t\t\t<div class=\"elementor-social-icons-wrapper elementor-grid\">\n\t\t\t\t\t\t\t<span class=\"elementor-grid-item\">\n\t\t\t\t\t<a class=\"elementor-icon elementor-social-icon elementor-social-icon-linkedin elementor-repeater-item-b6261b4\" href=\"https:\/\/www.linkedin.com\/in\/carlos-led%C3%B3-orriach-a567359\/\" target=\"_blank\" rel=\"noopener\">\n\t\t\t\t\t\t<span class=\"elementor-screen-only\">Linkedin<\/span>\n\t\t\t\t\t\t<svg aria-hidden=\"true\" class=\"e-font-icon-svg e-fab-linkedin\" viewBox=\"0 0 448 512\" xmlns=\"http:\/\/www.w3.org\/2000\/svg\"><path d=\"M416 32H31.9C14.3 32 0 46.5 0 64.3v383.4C0 465.5 14.3 480 31.9 480H416c17.6 0 32-14.5 32-32.3V64.3c0-17.8-14.4-32.3-32-32.3zM135.4 416H69V202.2h66.5V416zm-33.2-243c-21.3 0-38.5-17.3-38.5-38.5S80.9 96 102.2 96c21.2 0 38.5 17.3 38.5 38.5 0 21.3-17.2 38.5-38.5 38.5zm282.1 243h-66.4V312c0-24.8-.5-56.7-34.5-56.7-34.6 0-39.9 27-39.9 54.9V416h-66.4V202.2h63.7v29.2h.9c8.9-16.8 30.6-34.5 62.9-34.5 67.2 0 79.7 44.3 79.7 101.9V416z\"><\/path><\/svg>\t\t\t\t\t<\/a>\n\t\t\t\t<\/span>\n\t\t\t\t\t<\/div>\n\t\t\t\t\t\t<\/div>\n\t\t\t\t<div class=\"elementor-element elementor-element-0463012 elementor-widget elementor-widget-text-editor\" data-id=\"0463012\" data-element_type=\"widget\" data-e-type=\"widget\" data-widget_type=\"text-editor.default\">\n\t\t\t\t\t\t\t\t\t<p class=\"x_MsoNormal\"><span lang=\"EN-US\" data-olk-copy-source=\"MessageBody\">Caro Agricultor,<\/span><\/p><p class=\"x_MsoNormal\"><span lang=\"EN-US\"> <\/span><\/p><p class=\"x_MsoNormal\"><span lang=\"EN-US\">Espero que esta mensagem o encontre bem e que as suas colheitas estejam a crescer fortes e saud\u00e1veis. Hoje, escrevo para partilhar consigo um novo cap\u00edtulo profundamente pessoal e emocionante \u2014 um que reflete n\u00e3o s\u00f3 a minha paix\u00e3o pela agricultura sustent\u00e1vel, mas tamb\u00e9m um profundo respeito pelo trabalho incr\u00edvel que realiza todos os dias. <\/span><\/p><p class=\"x_MsoNormal\"><span lang=\"EN-US\"> <\/span><\/p><p class=\"x_MsoNormal\"><span lang=\"EN-US\" data-olk-copy-source=\"MessageBody\">Ap\u00f3s mais de 25 anos como um <b>puro interveniente no biocontrolo<\/b>, decidi lan\u00e7ar a <b>VEGANIC\u00ae<\/b> \u2014 uma empresa que nasceu n\u00e3o por necessidade, mas por prop\u00f3sito. \u00c9 um projeto constru\u00eddo sobre a gratid\u00e3o: pelas pessoas que trilharam este caminho comigo, pela terra que nos alimenta e, acima de tudo, por si \u2014 os agricultores que nutrem a vida a partir do solo. <\/span><\/p><p class=\"x_MsoNormal\"><span lang=\"EN-US\"> <\/span><\/p><p class=\"x_MsoNormal\"><span lang=\"EN-US\">A VEGANIC\u00ae \u00e9 mais do que uma empresa. \u00c9 um movimento enraizado na ci\u00eancia, na integridade e no respeito pela natureza. Desenvolvemos e fornecemos <b>biossolu\u00e7\u00f5es inovadoras baseadas em extratos de plantas e microrganismos<\/b> \u2014 100% naturais, veganas, cruelty-free e alinhadas com os mais rigorosos padr\u00f5es ecol\u00f3gicos. O nosso objetivo \u00e9 capacit\u00e1-lo com ferramentas que n\u00e3o s\u00e3o apenas eficazes, mas tamb\u00e9m \u00e9ticas e sustent\u00e1veis.   <\/span><\/p><p class=\"x_MsoNormal\"><span lang=\"EN-US\"> <\/span><\/p><p class=\"x_MsoNormal\"><span lang=\"EN-US\">Ap\u00f3s mais de duas d\u00e9cadas, <b>simplesmente ser biol\u00f3gico j\u00e1 n\u00e3o \u00e9 suficiente<\/b>. J\u00e1 n\u00e3o nos distingue. Hoje, a agricultura exige mais \u2014 e o planeta tamb\u00e9m. Devemos ir mais longe, adotando uma abordagem consciente que <b>inclui valores como cruelty-free, vegano e agricultura consciente<\/b>. A natureza est\u00e1 a falar connosco, pedindo mais: mais respeito, mais compaix\u00e3o, mais alinhamento com os valores de uma nova gera\u00e7\u00e3o.     <b>Mais \u00e9tico. Mais vegano. Mais respons\u00e1vel. \u00c9 hora de ouvir \u2014 e de agir.   <\/b><\/span><\/p><p class=\"x_MsoNormal\"><span lang=\"EN-US\"> <\/span><\/p><p class=\"x_MsoNormal\"><span lang=\"EN-US\">Mas, acima de tudo, a <b>VEGANIC\u00ae \u00e9 uma homenagem \u00e0 sua profiss\u00e3o<\/b>. Acreditamos que chegou o momento de reavaliar o papel do agricultor \u2014 n\u00e3o apenas como produtor de alimentos, mas como guardi\u00e3o da biodiversidade, um administrador do ambiente e uma figura-chave na constru\u00e7\u00e3o de um futuro mais justo e resiliente. <\/span><\/p><p class=\"x_MsoNormal\"><span lang=\"EN-US\"> <\/span><\/p><p class=\"x_MsoNormal\"><span lang=\"EN-US\">O nosso modelo verticalmente integrado permite-nos controlar cada etapa: desde a I&amp;D e formula\u00e7\u00e3o at\u00e9 \u00e0 produ\u00e7\u00e3o, apoio no terreno e educa\u00e7\u00e3o. Isto significa maior efici\u00eancia, transpar\u00eancia e solu\u00e7\u00f5es personalizadas adaptadas \u00e0s suas necessidades \u00fanicas. Estamos aqui para ouvir, apoiar e caminhar ao seu lado \u2014 porque entendemos que o seu sucesso \u00e9 a base de tudo o que fazemos.  <\/span><\/p><p class=\"x_MsoNormal\"><span lang=\"EN-US\"> <\/span><\/p><p class=\"x_MsoNormal\"><span lang=\"EN-US\">Na VEGANIC\u00ae, estamos empenhados em tornar o seu trabalho mais f\u00e1cil, mais rent\u00e1vel e mais respeitado. Acreditamos num futuro onde a agricultura n\u00e3o \u00e9 apenas sustent\u00e1vel, mas admirada. Onde o mundo rural n\u00e3o \u00e9 abandonado, mas revitalizado. E onde a inova\u00e7\u00e3o anda de m\u00e3os dadas com a tradi\u00e7\u00e3o.   <\/span><\/p><p class=\"x_MsoNormal\"><span lang=\"EN-US\"> <\/span><\/p><p class=\"x_MsoNormal\"><span lang=\"EN-US\">Obrigado por fazer parte desta miss\u00e3o partilhada. Obrigado por continuar a acreditar numa forma melhor de cultivar. Estamos honrados por trabalhar consigo e entusiasmados com o que podemos alcan\u00e7ar juntos.  <\/span><\/p><p class=\"x_MsoNormal\"><span lang=\"EN-US\"> <\/span><\/p><p class=\"x_MsoNormal\"><span lang=\"EN-US\">Com respeito e determina\u00e7\u00e3o,<\/span><\/p><p class=\"x_MsoNormal\"><b><span lang=\"EN-US\"> <\/span><\/b><\/p><p class=\"x_MsoNormal\"><b><span lang=\"EN-US\">Carlos Led\u00f3 Orriach<\/span><\/b><span lang=\"EN-US\"><br>Fundador &amp; CEO<br><b>VEGANIC\u00ae<\/b><\/span><\/p>\t\t\t\t\t\t\t\t<\/div>\n\t\t\t\t<\/div>\n\t\t\t\t\t<\/div>\n\t\t\t\t<\/div>\n\t\t<div data-particle_enable=\"false\" data-particle-mobile-disabled=\"false\" class=\"elementor-element elementor-element-3df7e808 e-con-full e-flex e-con e-parent\" data-id=\"3df7e808\" data-element_type=\"container\" data-e-type=\"container\" data-settings=\"{&quot;background_background&quot;:&quot;classic&quot;}\">\n\t\t\t\t<div class=\"elementor-element elementor-element-c1a155 elementor-widget elementor-widget-heading\" data-id=\"c1a155\" data-element_type=\"widget\" data-e-type=\"widget\" data-widget_type=\"heading.default\">\n\t\t\t\t\t<h2 class=\"elementor-heading-title elementor-size-default\">Carlos Led\u00f3 \u2013 Biografia Executiva<\/h2>\t\t\t\t<\/div>\n\t\t\t\t<\/div>\n\t\t<div data-particle_enable=\"false\" data-particle-mobile-disabled=\"false\" class=\"elementor-element elementor-element-48809397 e-con-full e-flex e-con e-parent\" data-id=\"48809397\" data-element_type=\"container\" data-e-type=\"container\" data-settings=\"{&quot;background_background&quot;:&quot;classic&quot;}\">\n\t\t\t\t<div class=\"elementor-element elementor-element-1e5165f3 elementor-widget elementor-widget-image\" data-id=\"1e5165f3\" data-element_type=\"widget\" data-e-type=\"widget\" data-widget_type=\"image.default\">\n\t\t\t\t\t\t\t\t\t\t\t\t\t\t\t<img decoding=\"async\" width=\"2560\" height=\"618\" src=\"https:\/\/veganic.bio\/wp-content\/uploads\/2025\/05\/cabecera-scaled-1.jpg\" class=\"attachment-full size-full wp-image-20868\" alt=\"\" srcset=\"https:\/\/veganic.bio\/wp-content\/uploads\/2025\/05\/cabecera-scaled-1.jpg 2560w, https:\/\/veganic.bio\/wp-content\/uploads\/2025\/05\/cabecera-scaled-1-1024x247.jpg 1024w, https:\/\/veganic.bio\/wp-content\/uploads\/2025\/05\/cabecera-scaled-1-768x185.jpg 768w, https:\/\/veganic.bio\/wp-content\/uploads\/2025\/05\/cabecera-scaled-1-1536x371.jpg 1536w, https:\/\/veganic.bio\/wp-content\/uploads\/2025\/05\/cabecera-scaled-1-2048x494.jpg 2048w, https:\/\/veganic.bio\/wp-content\/uploads\/2025\/05\/cabecera-scaled-1-600x145.jpg 600w\" sizes=\"(max-width: 2560px) 100vw, 2560px\" \/>\t\t\t\t\t\t\t\t\t\t\t\t\t\t\t<\/div>\n\t\t\t\t<\/div>\n\t\t<div data-particle_enable=\"false\" data-particle-mobile-disabled=\"false\" class=\"elementor-element elementor-element-60ddfdce e-flex e-con-boxed e-con e-parent\" data-id=\"60ddfdce\" data-element_type=\"container\" data-e-type=\"container\" data-settings=\"{&quot;background_background&quot;:&quot;classic&quot;}\">\n\t\t\t\t\t<div class=\"e-con-inner\">\n\t\t\t\t<div class=\"elementor-element elementor-element-5413369c elementor-widget elementor-widget-text-editor\" data-id=\"5413369c\" data-element_type=\"widget\" data-e-type=\"widget\" data-widget_type=\"text-editor.default\">\n\t\t\t\t\t\t\t\t\t<p>Carlos Led\u00f3 \u00e9 um <b>empreendedor vision\u00e1rio e l\u00edder global em agricultura sustent\u00e1vel<\/b>, com uma carreira definida por prop\u00f3sito, inova\u00e7\u00e3o e a revaloriza\u00e7\u00e3o do setor agr\u00edcola. \u00c9 um <b>empreendedor em s\u00e9rie<\/b> que fundou <b>22 empresas<\/b> em v\u00e1rios setores e pa\u00edses. A sua jornada empreendedora come\u00e7ou quando ainda era estudante, a viver na casa dos pais. O seu empreendimento mais reconhecido \u00e9 a <b>Idai Nature<\/b>, uma empresa que fundou em <b>2009<\/b> e que revolucionou o mercado de biocontrolo atrav\u00e9s de solu\u00e7\u00f5es agr\u00edcolas naturais.   <\/p>\t\t\t\t\t\t\t\t<\/div>\n\t\t\t\t\t<\/div>\n\t\t\t\t<\/div>\n\t\t<div data-particle_enable=\"false\" data-particle-mobile-disabled=\"false\" class=\"elementor-element elementor-element-9fb79cf e-flex e-con-boxed e-con e-parent\" data-id=\"9fb79cf\" data-element_type=\"container\" data-e-type=\"container\" data-settings=\"{&quot;background_background&quot;:&quot;classic&quot;}\">\n\t\t\t\t\t<div class=\"e-con-inner\">\n\t\t<div data-particle_enable=\"false\" data-particle-mobile-disabled=\"false\" class=\"elementor-element elementor-element-27236fa e-con-full e-flex e-con e-child\" data-id=\"27236fa\" data-element_type=\"container\" data-e-type=\"container\">\n\t\t<div data-particle_enable=\"false\" data-particle-mobile-disabled=\"false\" class=\"elementor-element elementor-element-f2eedc3 e-con-full e-flex e-con e-child\" data-id=\"f2eedc3\" data-element_type=\"container\" data-e-type=\"container\" data-settings=\"{&quot;background_background&quot;:&quot;classic&quot;}\">\n\t\t\t\t<div class=\"elementor-element elementor-element-a28435c elementor-widget elementor-widget-text-editor\" data-id=\"a28435c\" data-element_type=\"widget\" data-e-type=\"widget\" data-widget_type=\"text-editor.default\">\n\t\t\t\t\t\t\t\t\t<p class=\"x_MsoNormal\"><span lang=\"EN-US\" data-olk-copy-source=\"MessageBody\">Carlos Led\u00f3 \u00e9 um <b>empreendedor vision\u00e1rio e l\u00edder global em agricultura sustent\u00e1vel<\/b>, com uma carreira definida por prop\u00f3sito, inova\u00e7\u00e3o e a revaloriza\u00e7\u00e3o do setor agr\u00edcola. \u00c9 um <b>empreendedor em s\u00e9rie<\/b> que fundou <b>22 empresas<\/b> em v\u00e1rios setores e pa\u00edses. A sua jornada empreendedora come\u00e7ou quando ainda era estudante, a viver na casa dos pais. O seu empreendimento mais reconhecido \u00e9 a <b>Idai Nature<\/b>, uma empresa que fundou em <b>2009<\/b> e que revolucionou o mercado de biocontrolo atrav\u00e9s de solu\u00e7\u00f5es agr\u00edcolas naturais.   <\/span><\/p><p class=\"x_MsoNormal\"><span lang=\"EN-US\"> <\/span><\/p><p class=\"x_MsoNormal\"><span lang=\"EN-US\">Em <b>2018<\/b>, Carlos integrou a Idai Nature num grupo empresarial apoiado por um fundo de private equity. Continuou num papel de lideran\u00e7a como <b>COO da Unidade de Neg\u00f3cios de Biocontrolo<\/b> do rec\u00e9m-formado <b>Grupo Rovensa<\/b>, com a miss\u00e3o de construir e dimensionar esta divis\u00e3o globalmente. <\/span><\/p><p class=\"x_MsoNormal\"><span lang=\"EN-US\">Sob a sua orienta\u00e7\u00e3o estrat\u00e9gica e com o apoio da sua equipa, a unidade de neg\u00f3cios expandiu-se para operar em mais de <b>90 pa\u00edses<\/b> e, em cinco anos, tornou-se o <b>l\u00edder mundial em vendas de biocontrolo<\/b>, conforme relatado no <b>Relat\u00f3rio Dunham Trimmer 2023<\/b>. Este marco foi marcado pelo seu papel fundamental no lan\u00e7amento global da marca <b>Rovensa Next<\/b> na <b>Fruit Logistica 2023<\/b> em Berlim. <\/span><\/p><p class=\"x_MsoNormal\"><span lang=\"EN-US\"> <\/span><\/p><p class=\"x_MsoNormal\"><span lang=\"EN-US\">Ap\u00f3s cumprir com sucesso a miss\u00e3o que lhe foi confiada, Carlos deixou o seu cargo executivo e, de <b>fevereiro de 2023 a fevereiro de 2024<\/b>, atuou como <b>Embaixador da Marca Rovensa Next<\/b> e <b>Conselheiro Estrat\u00e9gico do CEO do Grupo Rovensa<\/b>, enquanto se preparava para um novo cap\u00edtulo empreendedor.<\/span><\/p><p class=\"x_MsoNormal\"><span lang=\"EN-US\"> <\/span><\/p><p class=\"x_MsoNormal\"><span lang=\"EN-US\">Em <b>mar\u00e7o de 2024<\/b>, lan\u00e7ou a <b>VEGANIC\u00ae<\/b>, uma empresa orientada por um prop\u00f3sito, focada no desenvolvimento e comercializa\u00e7\u00e3o de <b>biossolu\u00e7\u00f5es veganas e cruelty-free<\/b> 100% baseadas em extratos de plantas e microrganismos. O seu objetivo: construir <b>um unic\u00f3rnio global em biocontrolo<\/b> dentro de cinco anos e liderar a transforma\u00e7\u00e3o da agricultura num modelo mais \u00e9tico, regenerativo e sustent\u00e1vel. Para Carlos, a VEGANIC\u00ae n\u00e3o \u00e9 apenas um neg\u00f3cio \u2014 \u00e9 o seu legado mais pessoal e ambicioso. Sob a sua lideran\u00e7a, a <b>VEGANIC\u00ae<\/b> est\u00e1 rapidamente a tornar-se uma <b>refer\u00eancia global em agricultura respeitosa e orientada pela ci\u00eancia<\/b>, ajudando os agricultores a fazer a transi\u00e7\u00e3o para pr\u00e1ticas mais sustent\u00e1veis, rent\u00e1veis e \u00e0 prova de futuro. Em <b>maio de 2025<\/b>, a VEGANIC\u00ae foi galardoada com o prestigiado pr\u00e9mio espanhol <b>Emprende XXI<\/b>, concedido por <b>La Caixa<\/b> e <b>ENISA<\/b>, reconhecendo-a como uma das startups mais inovadoras e de alto impacto em Espanha. Este pr\u00e9mio destaca o potencial disruptivo da empresa, o seu compromisso com a sustentabilidade e o seu papel na <b>moldagem do futuro da agricultura<\/b> atrav\u00e9s da inova\u00e7\u00e3o biotecnol\u00f3gica.     <\/span><\/p>\t\t\t\t\t\t\t\t<\/div>\n\t\t\t\t<\/div>\n\t\t<div data-particle_enable=\"false\" data-particle-mobile-disabled=\"false\" class=\"elementor-element elementor-element-5a2ffd0 e-con-full e-flex e-con e-child\" data-id=\"5a2ffd0\" data-element_type=\"container\" data-e-type=\"container\" data-settings=\"{&quot;background_background&quot;:&quot;classic&quot;}\">\n\t\t\t\t<div class=\"elementor-element elementor-element-862fd94 elementor-widget elementor-widget-text-editor\" data-id=\"862fd94\" data-element_type=\"widget\" data-e-type=\"widget\" data-widget_type=\"text-editor.default\">\n\t\t\t\t\t\t\t\t\t<p class=\"x_MsoNormal\"><span lang=\"EN-US\">Carlos possui v\u00e1rios graus acad\u00e9micos avan\u00e7ados, incluindo um <b>Executive MBA<\/b> da ESIC, o <b>Programa de Desenvolvimento de Empreendedorismo (EDP)<\/b> do <b>Massachusetts Institute of Technology (MIT)<\/b> em Boston e programas executivos da <b>ESADE<\/b>, <b>IE Business School<\/b> e o <b>Programa 15&#215;15 na EDEM<\/b>. Foi nomeado o primeiro <b>Antigo Aluno Distinto<\/b> pelo Reitor da <b>Universidade Polit\u00e9cnica de Val\u00eancia (UPV)<\/b>, onde tamb\u00e9m atuou como <b>Presidente da Alumni UPV<\/b>, representando mais de 60.000 antigos alunos. <\/span><\/p><p class=\"x_MsoNormal\"><span lang=\"EN-US\"> <\/span><\/p><p class=\"x_MsoNormal\"><span lang=\"EN-US\">De 2018 a 2021, foi tamb\u00e9m <b>Presidente da BIOVAL<\/b>, a Associa\u00e7\u00e3o de Empresas de Biotecnologia da Comunidade Valenciana, onde fundou a anual <b>Gala da Noite da Biotecnologia<\/b>, agora um evento-chave no ecossistema de inova\u00e7\u00e3o regional. Carlos \u00e9 tamb\u00e9m um educador e orador p\u00fablico respeitado. Lecionou em v\u00e1rios programas de MBA e p\u00f3s-gradua\u00e7\u00e3o, incluindo na <b>ESIC University<\/b> e na <b>EDEM<\/b>, sobre t\u00f3picos relacionados com inova\u00e7\u00e3o e lideran\u00e7a estrat\u00e9gica. Em 2016, recebeu o <b>Pr\u00e9mio de Melhor Masterclass<\/b> do programa Executive MBA na UPV.   <\/span><\/p><p class=\"x_MsoNormal\"><span lang=\"EN-US\">Recebeu reconhecimento de l\u00edderes e institui\u00e7\u00f5es globais como <b>Steve Wozniak<\/b> (co-fundador da Apple), <b>Barack Obama<\/b>, <b>Rainha Letizia de Espanha<\/b>, <b>Ana Bot\u00edn<\/b> (Presidente do Banco Santander), o <b>Presidente do Governo de Espanha<\/b> e a <b>Comiss\u00e3o Europeia<\/b>.<\/span><\/p><p class=\"x_MsoNormal\"><span lang=\"EN-US\"> <\/span><\/p><p class=\"x_MsoNormal\"><span lang=\"EN-US\">Desde <b>dezembro de 2023<\/b>, tamb\u00e9m foi reconhecido como uma <b>Top Voice em Investiga\u00e7\u00e3o &amp; Inova\u00e7\u00e3o<\/b> pelo <b>LinkedIn<\/b>, onde partilha regularmente insights sobre empreendedorismo, sustentabilidade agr\u00edcola e o futuro do biocontrolo.<\/span><\/p><p class=\"x_MsoNormal\"><span lang=\"EN-US\"> <\/span><\/p><p class=\"x_MsoNormal\"><span lang=\"EN-US\">Em <b>2025<\/b>, Carlos foi nomeado <b>Finalista para os Visionary Awards da Agribusiness<\/b>, um prestigiado pr\u00e9mio internacional que celebra os l\u00edderes que transformam o futuro da agricultura e dos sistemas alimentares. Em reconhecimento do seu trabalho inovador em biotecnologia verde e na economia circular, foi nomeado <b><i>Finalista para os Visionary Awards em Agribusiness<\/i> em 2025<\/b>, um pr\u00e9mio internacional que destaca a lideran\u00e7a transformadora no sistema alimentar e agr\u00edcola global. <\/span><\/p><p class=\"x_MsoNormal\"><span lang=\"EN-US\"> <\/span><\/p><p class=\"x_MsoNormal\"><span lang=\"EN-US\">Carlos Led\u00f3 n\u00e3o est\u00e1 apenas a construir empresas \u2014 est\u00e1 a ajudar a <b>redefinir o futuro da agricultura<\/b>: um que coloca os <b>agricultores no centro<\/b>, respeita a <b>natureza<\/b> e restaura o <b>valor<\/b> em toda a cadeia alimentar. <b>A sua miss\u00e3o \u00e9 clara: deixar um mundo melhor para as gera\u00e7\u00f5es futuras<\/b>, criando impacto com integridade, inspirando a pr\u00f3xima gera\u00e7\u00e3o e garantindo que a inova\u00e7\u00e3o serve sempre as pessoas e o planeta.<\/span><\/p>\t\t\t\t\t\t\t\t<\/div>\n\t\t\t\t<\/div>\n\t\t\t\t<\/div>\n\t\t<div data-particle_enable=\"false\" data-particle-mobile-disabled=\"false\" class=\"elementor-element elementor-element-affa152 e-con-full e-flex e-con e-child\" data-id=\"affa152\" data-element_type=\"container\" data-e-type=\"container\">\n\t\t\t\t<div class=\"elementor-element elementor-element-f634c3d elementor-widget elementor-widget-image\" data-id=\"f634c3d\" data-element_type=\"widget\" data-e-type=\"widget\" data-widget_type=\"image.default\">\n\t\t\t\t\t\t\t\t\t\t\t\t\t\t\t<img decoding=\"async\" width=\"1843\" height=\"2480\" src=\"https:\/\/veganic.bio\/wp-content\/uploads\/2025\/05\/Mosaico-OK-scaled-1-e1747990940220.jpg\" class=\"attachment-full size-full wp-image-20872\" alt=\"\" srcset=\"https:\/\/veganic.bio\/wp-content\/uploads\/2025\/05\/Mosaico-OK-scaled-1-e1747990940220.jpg 1843w, https:\/\/veganic.bio\/wp-content\/uploads\/2025\/05\/Mosaico-OK-scaled-1-e1747990940220-761x1024.jpg 761w, https:\/\/veganic.bio\/wp-content\/uploads\/2025\/05\/Mosaico-OK-scaled-1-e1747990940220-768x1033.jpg 768w, https:\/\/veganic.bio\/wp-content\/uploads\/2025\/05\/Mosaico-OK-scaled-1-e1747990940220-1141x1536.jpg 1141w, https:\/\/veganic.bio\/wp-content\/uploads\/2025\/05\/Mosaico-OK-scaled-1-e1747990940220-1522x2048.jpg 1522w, https:\/\/veganic.bio\/wp-content\/uploads\/2025\/05\/Mosaico-OK-scaled-1-e1747990940220-600x807.jpg 600w\" sizes=\"(max-width: 1843px) 100vw, 1843px\" \/>\t\t\t\t\t\t\t\t\t\t\t\t\t\t\t<\/div>\n\t\t\t\t<\/div>\n\t\t\t\t\t<\/div>\n\t\t\t\t<\/div>\n\t\t<div data-particle_enable=\"false\" data-particle-mobile-disabled=\"false\" class=\"elementor-element elementor-element-4370ea2c e-flex e-con-boxed e-con e-parent\" data-id=\"4370ea2c\" data-element_type=\"container\" data-e-type=\"container\" data-settings=\"{&quot;background_background&quot;:&quot;gradient&quot;}\">\n\t\t\t\t\t<div class=\"e-con-inner\">\n\t\t<div data-particle_enable=\"false\" data-particle-mobile-disabled=\"false\" class=\"elementor-element elementor-element-20ad21df e-con-full e-flex e-con e-child\" data-id=\"20ad21df\" data-element_type=\"container\" data-e-type=\"container\" data-settings=\"{&quot;background_background&quot;:&quot;classic&quot;}\">\n\t\t\t\t<div class=\"elementor-element elementor-element-138f18b4 elementor-widget elementor-widget-text-editor\" data-id=\"138f18b4\" data-element_type=\"widget\" data-e-type=\"widget\" data-widget_type=\"text-editor.default\">\n\t\t\t\t\t\t\t\t\t<h3 data-start=\"203\" data-end=\"232\"><span style=\"color: #000000;\"><strong data-start=\"207\" data-end=\"232\">HONRAS &amp; RECONHECIMENTOS<\/strong><\/span><\/h3><p class=\"x_MsoNormal\"><span lang=\"EN-US\" data-olk-copy-source=\"MessageBody\">Ao longo da sua carreira profissional, Carlos Led\u00f3 recebeu in\u00fameros pr\u00e9mios, honras e reconhecimentos que refletem a sua lideran\u00e7a, inova\u00e7\u00e3o e compromisso com a agricultura sustent\u00e1vel:<\/span><\/p><p class=\"x_MsoNormal\"><span lang=\"EN-US\"> <\/span><\/p><ul type=\"disc\"><li class=\"x_MsoNormal\"><b><span lang=\"EN-US\">Pr\u00e9mio Nacional PME<\/span><\/b><span lang=\"EN-US\">, apresentado por Sua Majestade o Rei Felipe VI de Espanha \u2013 <b>2014<\/b><\/span><\/li><li class=\"x_MsoNormal\"><b><span lang=\"EN-US\">Pr\u00e9mio Aster para Melhor Empreendedor<\/span><\/b><span lang=\"EN-US\">, Comunidade Valenciana \u2013 <b>2014<\/b><\/span><\/li><li class=\"x_MsoNormal\"><b><span lang=\"EN-US\">Painel com Steve Wozniak<\/span><\/b><span lang=\"EN-US\">, co-fundador da Apple, no M\u00e9xico \u2013 <b>2014<\/b><\/span><\/li><li class=\"x_MsoNormal\"><b><span lang=\"EN-US\">Melhor Masterclass<\/span><\/b><span lang=\"EN-US\">, Executive MBA, Universidade Polit\u00e9cnica de Val\u00eancia \u2013 <b>2016<\/b><\/span><\/li><li class=\"x_MsoNormal\"><b><span lang=\"EN-US\">Primeiro Antigo Aluno Distinto<\/span><\/b><span lang=\"EN-US\">, Universidade Polit\u00e9cnica de Val\u00eancia \u2013 <b>2016<\/b><\/span><\/li><li class=\"x_MsoNormal\"><b><span lang=\"EN-US\">Convidado pessoal<\/span><\/b><span lang=\"EN-US\"> para uma mesa redonda de neg\u00f3cios privada com o ex-Presidente dos EUA <b>Barack Obama<\/b> \u2013 <b>2016<\/b><\/span><\/li><li class=\"x_MsoNormal\"><b><span lang=\"EN-US\">Pr\u00e9mio Aster para Melhor Empreendedor Nacional<\/span><\/b><span lang=\"EN-US\"> \u2013 <b>2017<\/b><\/span><\/li><li class=\"x_MsoNormal\"><b><span lang=\"EN-US\">Audi\u00eancia privada<\/span><\/b><span lang=\"EN-US\"> no Pal\u00e1cio da Zarzuela com <b>Sua Majestade a Rainha Letizia de Espanha<\/b> \u2013 <b>2017<\/b><\/span><\/li><li class=\"x_MsoNormal\"><b><span lang=\"EN-US\">B\u00ean\u00e7\u00e3o apost\u00f3lica<\/span><\/b><span lang=\"EN-US\"> de <b>Sua Santidade o Papa Francisco<\/b> \u2013 <b>2018<\/b><\/span><\/li><li class=\"x_MsoNormal\"><b><span lang=\"EN-US\">Reconhecimento especial<\/span><\/b><span lang=\"EN-US\"> por <b>Ana Patricia Bot\u00edn<\/b>, Presidente do Banco Santander, como um empreendedor l\u00edder \u2013 <b>2018<\/b><\/span><\/li><li class=\"x_MsoNormal\"><b><span lang=\"EN-US\">Pr\u00e9mio AAA<\/span><\/b><span lang=\"EN-US\">, EDEM Business School (fundada por Juan Roig) \u2013 <b>2019<\/b><\/span><\/li><li class=\"x_MsoNormal\"><b><span lang=\"EN-US\">Presidente da Bioval<\/span><\/b><span lang=\"EN-US\"> (Associa\u00e7\u00e3o de Empresas de Biotecnologia da Comunidade Valenciana) \u2013 <b>2018\u20132021<\/b><\/span><\/li><li class=\"x_MsoNormal\"><b><span lang=\"EN-US\">Pr\u00e9mio de Excel\u00eancia Profissional em I&amp;D<\/span><\/b><span lang=\"EN-US\">, Associa\u00e7\u00e3o de Col\u00e9gios Profissionais \u2013 <b>2019<\/b><\/span><\/li><li class=\"x_MsoNormal\"><b><span lang=\"EN-US\">Membro do J\u00fari<\/span><\/b><span lang=\"EN-US\">, Pr\u00e9mios Aster, ESIC University \u2013 <b>2019\u2013Presente<\/b><\/span><\/li><li class=\"x_MsoNormal\"><b><span lang=\"EN-US\">Membro do Conselho Consultivo<\/span><\/b><span lang=\"EN-US\">, Escola de Engenharia Agr\u00edcola, Universidade Polit\u00e9cnica de Val\u00eancia \u2013 <b>2020\u2013Presente<\/b><\/span><\/li><li class=\"x_MsoNormal\"><b>Presidente<\/b>, Alumni UPV \u2013 <b>2021\u2013Presente<\/b><\/li><li class=\"x_MsoNormal\"><b><span lang=\"EN-US\">Patrocinador da Gradua\u00e7\u00e3o<\/span><\/b><span lang=\"EN-US\">, ESIC University Business School \u2013 <b>2022<\/b><\/span><\/li><li class=\"x_MsoNormal\"><b>Embaixador<\/b>, Turma EMBA da ESIC University \u2013 <b>2022<\/b><\/li><li class=\"x_MsoNormal\"><b><span lang=\"EN-US\">Membro do J\u00fari<\/span><\/b><span lang=\"EN-US\">, Pr\u00e9mios Revoluciona da BBVA e Universidade de Val\u00eancia \u2013 <b>2022\u2013Presente<\/b><\/span><\/li><li class=\"x_MsoNormal\"><b><span lang=\"EN-US\">Top Voice em Investiga\u00e7\u00e3o &amp; Inova\u00e7\u00e3o<\/span><\/b><span lang=\"EN-US\">, LinkedIn \u2013 <b>Dezembro de 2023\u2013Presente<\/b><\/span><\/li><li class=\"x_MsoNormal\"><b><span lang=\"EN-US\">Membro do Conselho<\/span><\/b><span lang=\"EN-US\">, Conselho Social, Universidade de Val\u00eancia \u2013 <b>2024\u2013Presente<\/b><\/span><\/li><li class=\"x_MsoNormal\"><b><span lang=\"EN-US\">Orador Principal<\/span><\/b><span lang=\"EN-US\">, Reuni\u00e3o Anual da Associa\u00e7\u00e3o Latino-Americana de Associa\u00e7\u00f5es da Ind\u00fastria de Agroqu\u00edmicos (ALINA), Miami \u2013 <b>Mar\u00e7o de 2024<\/b><\/span><\/li><li class=\"x_MsoNormal\"><b><span lang=\"EN-US\">Finalista<\/span><\/b><span lang=\"EN-US\">, <b>Pr\u00e9mios Visionary para a Inova\u00e7\u00e3o em Agribusiness<\/b> \u2013 <b>2025<\/b><\/span><\/li><li class=\"x_MsoNormal\"><b><span lang=\"EN-US\">Vencedor<\/span><\/b><span lang=\"EN-US\">, <b>Pr\u00e9mio Emprende XXI<\/b> da <b>La Caixa<\/b> e <b>ENISA<\/b>, reconhecendo a VEGANIC\u00ae como uma das startups de maior impacto em Espanha \u2013 <b>Maio de 2025<\/b><\/span><\/li><\/ul>\t\t\t\t\t\t\t\t<\/div>\n\t\t\t\t<\/div>\n\t\t<div data-particle_enable=\"false\" data-particle-mobile-disabled=\"false\" class=\"elementor-element elementor-element-51371f43 e-con-full e-flex e-con e-child\" data-id=\"51371f43\" data-element_type=\"container\" data-e-type=\"container\" data-settings=\"{&quot;background_background&quot;:&quot;classic&quot;}\">\n\t\t\t\t<div class=\"elementor-element elementor-element-54484488 elementor-widget elementor-widget-text-editor\" data-id=\"54484488\" data-element_type=\"widget\" data-e-type=\"widget\" data-widget_type=\"text-editor.default\">\n\t\t\t\t\t\t\t\t\t<h3><strong><span style=\"color: #000000;\">COMUNICA\u00c7\u00d5ES<\/span><\/strong><\/h3><p class=\"x_MsoNormal\"><span lang=\"EN-US\" data-olk-copy-source=\"MessageBody\">Carlos Led\u00f3 tem sido amplamente divulgado nos media nacionais e internacionais pela sua lideran\u00e7a em inova\u00e7\u00e3o agr\u00edcola, sustentabilidade e biotecnologia. Abaixo est\u00e3o algumas das suas apari\u00e7\u00f5es mais relevantes: <\/span><\/p><p class=\"x_MsoNormal\"><span lang=\"EN-US\"> <\/span><\/p><p class=\"x_MsoNormal\"><b><span lang=\"EN-US\">Agribusiness Global, Relat\u00f3rio Especial \u2013 Mar\u00e7o de 2025<\/span><\/b><\/p><p class=\"x_MsoNormal\"><span lang=\"EN-US\">Destacado como um dos l\u00edderes vision\u00e1rios em agribusiness para 2025, Led\u00f3 foi reconhecido pela sua abordagem inovadora ao biocontrolo e pelo seu compromisso com pr\u00e1ticas agr\u00edcolas sustent\u00e1veis.<\/span><\/p><p class=\"x_MsoNormal\"><b><span lang=\"EN-US\"> <\/span><\/b><\/p><p class=\"x_MsoNormal\"><b><span lang=\"EN-US\">BAW Digest, Entrevista Aprofundada \u2013 Junho de 2024 &amp; Junho de 2025<\/span><\/b><\/p><p class=\"x_MsoNormal\"><span lang=\"EN-US\">Nesta entrevista, Led\u00f3 discutiu os desafios e oportunidades na agricultura moderna, enfatizando a import\u00e2ncia de solu\u00e7\u00f5es veganas e cruelty-free no biocontrolo.<\/span><\/p><p class=\"x_MsoNormal\"><b><span lang=\"EN-US\"> <\/span><\/b><\/p><p class=\"x_MsoNormal\"><b><span lang=\"EN-US\">Econom\u00eda 3, Capa e Entrevista Exclusiva \u2013 Junho de 2024<\/span><\/b><\/p><p class=\"x_MsoNormal\"><span lang=\"EN-US\">Nesta edi\u00e7\u00e3o, Carlos Led\u00f3 partilhou a sua vis\u00e3o para a transforma\u00e7\u00e3o do setor agroalimentar e o papel da inova\u00e7\u00e3o na sustentabilidade agr\u00edcola.<\/span><\/p><p class=\"x_MsoNormal\"><span lang=\"EN-US\"> <\/span><\/p><p class=\"x_MsoNormal\"><b><span lang=\"EN-US\">Levante-EMV, entrevista sobre expans\u00e3o internacional \u2013 Setembro de 2024<\/span><\/b><\/p><p class=\"x_MsoNormal\"><span lang=\"EN-US\">Led\u00f3 falou sobre os planos de expans\u00e3o da Veganic Nature, incluindo a abertura de subsidi\u00e1rias na Argentina, M\u00e9xico e Mal\u00e1sia, e o seu objetivo de transformar a empresa num unic\u00f3rnio de biocontrolo dentro de cinco anos.<\/span><\/p><p class=\"x_MsoNormal\"><span lang=\"EN-US\"> <\/span><\/p><p class=\"x_MsoNormal\"><b><span lang=\"EN-US\">Econom\u00eda 3, participa\u00e7\u00e3o numa mesa redonda sobre o setor agroalimentar \u2013 Junho de 2024<\/span><\/b><\/p><p class=\"x_MsoNormal\"><span lang=\"EN-US\">Participou num debate sobre os desafios do setor agroalimentar, abordando temas como rentabilidade, inova\u00e7\u00e3o e mudan\u00e7a geracional.<\/span><\/p><p class=\"x_MsoNormal\"><b><span lang=\"EN-US\"> <\/span><\/b><\/p><p class=\"x_MsoNormal\"><b><span lang=\"EN-US\">Levante-EMV, participa\u00e7\u00e3o no Planeta Agro \u2013 Outubro de 2024<\/span><\/b><\/p><p class=\"x_MsoNormal\"><span lang=\"EN-US\">Neste evento, Led\u00f3 apelou \u00e0 atra\u00e7\u00e3o de jovens para o campo e destacou a necessidade de valorizar o trabalho dos agricultores como her\u00f3is que nutrem o planeta.<\/span><\/p><p class=\"x_MsoNormal\"><span lang=\"EN-US\"> <\/span><\/p><p class=\"x_MsoNormal\"><b><span lang=\"EN-US\">Fruittoday, edi\u00e7\u00e3o de janeiro \u2013 Janeiro de 2023<\/span><\/b><\/p><p class=\"x_MsoNormal\"><span lang=\"EN-US\">Artigo em destaque sobre inova\u00e7\u00f5es em biocontrolo e o impacto da Veganic na agricultura sustent\u00e1vel.<\/span><\/p><p class=\"x_MsoNormal\"><span lang=\"EN-US\"> <\/span><\/p><p class=\"x_MsoNormal\"><b><span lang=\"EN-US\">Economa 3, edi\u00e7\u00e3o 299 \u2013 Abril de 2018<\/span><\/b><\/p><p class=\"x_MsoNormal\"><span lang=\"EN-US\">Entrevista focada no crescimento da Idai Nature e na vis\u00e3o empreendedora de Led\u00f3 no campo da biotecnologia agr\u00edcola.<\/span><\/p><p class=\"x_MsoNormal\"><span lang=\"EN-US\"> <\/span><\/p><p class=\"x_MsoNormal\"><b><span lang=\"EN-US\">Las Provincias, m\u00faltiplas edi\u00e7\u00f5es \u2013 2018\u20132020<\/span><\/b><\/p><p class=\"x_MsoNormal\"><span lang=\"EN-US\">Cobertura das iniciativas empreendedoras de Led\u00f3 e o seu impacto na agricultura valenciana.<\/span><\/p><p class=\"x_MsoNormal\"><span lang=\"EN-US\"> <\/span><\/p><p class=\"x_MsoNormal\"><b><span lang=\"EN-US\">Levante-EMV, m\u00faltiplas edi\u00e7\u00f5es \u2013 2018\u20132019<\/span><\/b><\/p><p class=\"x_MsoNormal\"><span lang=\"EN-US\">Artigos sobre as contribui\u00e7\u00f5es de Led\u00f3 para o setor agr\u00edcola e o seu foco em pr\u00e1ticas sustent\u00e1veis.<\/span><\/p><p class=\"x_MsoNormal\"><span lang=\"EN-US\"> <\/span><\/p><p class=\"x_MsoNormal\"><b>El Debate (Culiac\u00e1n, M\u00e9xico), imprensa nacional mexicana \u2013 Maio de 2018<\/b><\/p><p class=\"x_MsoNormal\"><span lang=\"EN-US\">Entrevista sobre a expans\u00e3o internacional da Idai Nature e as oportunidades no mercado mexicano.<\/span><\/p><p class=\"x_MsoNormal\"><span lang=\"EN-US\"> <\/span><\/p><p class=\"x_MsoNormal\"><span lang=\"EN-US\">Carlos Led\u00f3 \u00e9 um firme defensor dos <b>valores<\/b><\/span><b><span lang=\"EN-US\">\u200b\u200b<\/span><\/b><b><span lang=\"EN-US\">como base fundamental da vida<\/span><\/b><span lang=\"EN-US\">. Esta filosofia reflete-se em todas as empresas que fundou, criando equipas impulsionadas por princ\u00edpios e \u00e9tica acima de qualquer objetivo comercial.<\/span><\/p>\t\t\t\t\t\t\t\t<\/div>\n\t\t\t\t<\/div>\n\t\t\t\t\t<\/div>\n\t\t\t\t<\/div>\n\t\t\t\t<\/div>\n\t\t","protected":false},"excerpt":{"rendered":"<p>Conhe\u00e7a o nosso fundador Carlos Led\u00f3 Linkedin Caro Agricultor, Espero que esta mensagem o encontre bem e que as suas colheitas estejam a crescer fortes e saud\u00e1veis. Hoje, escrevo para partilhar consigo um novo cap\u00edtulo profundamente pessoal e emocionante \u2014 um que reflete n\u00e3o s\u00f3 a minha paix\u00e3o pela agricultura sustent\u00e1vel, mas tamb\u00e9m um profundo [&hellip;]<\/p>\n","protected":false},"author":1,"featured_media":0,"parent":0,"menu_order":0,"comment_status":"closed","ping_status":"closed","template":"","meta":{"footnotes":""},"class_list":["post-21373","page","type-page","status-publish","hentry"],"_links":{"self":[{"href":"https:\/\/veganic.bio\/pt-pt\/wp-json\/wp\/v2\/pages\/21373","targetHints":{"allow":["GET"]}}],"collection":[{"href":"https:\/\/veganic.bio\/pt-pt\/wp-json\/wp\/v2\/pages"}],"about":[{"href":"https:\/\/veganic.bio\/pt-pt\/wp-json\/wp\/v2\/types\/page"}],"author":[{"embeddable":true,"href":"https:\/\/veganic.bio\/pt-pt\/wp-json\/wp\/v2\/users\/1"}],"replies":[{"embeddable":true,"href":"https:\/\/veganic.bio\/pt-pt\/wp-json\/wp\/v2\/comments?post=21373"}],"version-history":[{"count":3,"href":"https:\/\/veganic.bio\/pt-pt\/wp-json\/wp\/v2\/pages\/21373\/revisions"}],"predecessor-version":[{"id":30804,"href":"https:\/\/veganic.bio\/pt-pt\/wp-json\/wp\/v2\/pages\/21373\/revisions\/30804"}],"wp:attachment":[{"href":"https:\/\/veganic.bio\/pt-pt\/wp-json\/wp\/v2\/media?parent=21373"}],"curies":[{"name":"wp","href":"https:\/\/api.w.org\/{rel}","templated":true}]}}