{"id":21409,"date":"2025-05-20T12:55:25","date_gmt":"2025-05-20T12:55:25","guid":{"rendered":"https:\/\/veganic.bio\/carlos-ledo\/"},"modified":"2026-01-12T13:45:29","modified_gmt":"2026-01-12T13:45:29","slug":"carlos-ledo","status":"publish","type":"page","link":"https:\/\/veganic.bio\/it\/carlos-ledo\/","title":{"rendered":"Carlos led\u00f3"},"content":{"rendered":"\t\t<div data-elementor-type=\"wp-page\" data-elementor-id=\"21409\" class=\"elementor elementor-21409 elementor-17792\" data-elementor-post-type=\"page\">\n\t\t\t\t<div data-particle_enable=\"false\" data-particle-mobile-disabled=\"false\" class=\"elementor-element elementor-element-e16c951 e-flex e-con-boxed e-con e-parent\" data-id=\"e16c951\" data-element_type=\"container\" data-e-type=\"container\" data-settings=\"{&quot;background_background&quot;:&quot;classic&quot;}\">\n\t\t\t\t\t<div class=\"e-con-inner\">\n\t\t<div data-particle_enable=\"false\" data-particle-mobile-disabled=\"false\" class=\"elementor-element elementor-element-74d44e9 e-con-full e-flex e-con e-child\" data-id=\"74d44e9\" data-element_type=\"container\" data-e-type=\"container\" data-settings=\"{&quot;background_background&quot;:&quot;classic&quot;}\">\n\t\t\t\t<div class=\"elementor-element elementor-element-11ade30 elementor-widget elementor-widget-heading\" data-id=\"11ade30\" data-element_type=\"widget\" data-e-type=\"widget\" data-widget_type=\"heading.default\">\n\t\t\t\t\t<h1 class=\"elementor-heading-title elementor-size-default\">Conosci il nostro fondatore<\/h1>\t\t\t\t<\/div>\n\t\t\t\t<div class=\"elementor-element elementor-element-998695f elementor-widget elementor-widget-heading\" data-id=\"998695f\" data-element_type=\"widget\" data-e-type=\"widget\" data-widget_type=\"heading.default\">\n\t\t\t\t\t<h2 class=\"elementor-heading-title elementor-size-default\">Carlos led\u00f3<\/h2>\t\t\t\t<\/div>\n\t\t\t\t<div class=\"elementor-element elementor-element-ba8fa86 elementor-widget elementor-widget-image\" data-id=\"ba8fa86\" data-element_type=\"widget\" data-e-type=\"widget\" data-widget_type=\"image.default\">\n\t\t\t\t\t\t\t\t\t\t\t\t\t\t\t<img fetchpriority=\"high\" decoding=\"async\" width=\"1242\" height=\"788\" src=\"https:\/\/veganic.bio\/wp-content\/uploads\/2025\/05\/carlos.jpg\" class=\"attachment-full size-full wp-image-20855\" alt=\"\" srcset=\"https:\/\/veganic.bio\/wp-content\/uploads\/2025\/05\/carlos.jpg 1242w, https:\/\/veganic.bio\/wp-content\/uploads\/2025\/05\/carlos-1024x650.jpg 1024w, https:\/\/veganic.bio\/wp-content\/uploads\/2025\/05\/carlos-768x487.jpg 768w, https:\/\/veganic.bio\/wp-content\/uploads\/2025\/05\/carlos-600x381.jpg 600w\" sizes=\"(max-width: 1242px) 100vw, 1242px\" \/>\t\t\t\t\t\t\t\t\t\t\t\t\t\t\t<\/div>\n\t\t\t\t<div class=\"elementor-element elementor-element-56f904e elementor-shape-rounded elementor-grid-0 e-grid-align-center elementor-widget elementor-widget-social-icons\" data-id=\"56f904e\" data-element_type=\"widget\" data-e-type=\"widget\" data-widget_type=\"social-icons.default\">\n\t\t\t\t\t\t\t<div class=\"elementor-social-icons-wrapper elementor-grid\">\n\t\t\t\t\t\t\t<span class=\"elementor-grid-item\">\n\t\t\t\t\t<a class=\"elementor-icon elementor-social-icon elementor-social-icon-linkedin elementor-repeater-item-b6261b4\" href=\"https:\/\/www.linkedin.com\/in\/carlos-led%C3%B3-orriach-a567359\/\" target=\"_blank\" rel=\"noopener\">\n\t\t\t\t\t\t<span class=\"elementor-screen-only\">Linkedin<\/span>\n\t\t\t\t\t\t<svg aria-hidden=\"true\" class=\"e-font-icon-svg e-fab-linkedin\" viewBox=\"0 0 448 512\" xmlns=\"http:\/\/www.w3.org\/2000\/svg\"><path d=\"M416 32H31.9C14.3 32 0 46.5 0 64.3v383.4C0 465.5 14.3 480 31.9 480H416c17.6 0 32-14.5 32-32.3V64.3c0-17.8-14.4-32.3-32-32.3zM135.4 416H69V202.2h66.5V416zm-33.2-243c-21.3 0-38.5-17.3-38.5-38.5S80.9 96 102.2 96c21.2 0 38.5 17.3 38.5 38.5 0 21.3-17.2 38.5-38.5 38.5zm282.1 243h-66.4V312c0-24.8-.5-56.7-34.5-56.7-34.6 0-39.9 27-39.9 54.9V416h-66.4V202.2h63.7v29.2h.9c8.9-16.8 30.6-34.5 62.9-34.5 67.2 0 79.7 44.3 79.7 101.9V416z\"><\/path><\/svg>\t\t\t\t\t<\/a>\n\t\t\t\t<\/span>\n\t\t\t\t\t<\/div>\n\t\t\t\t\t\t<\/div>\n\t\t\t\t<div class=\"elementor-element elementor-element-0463012 elementor-widget elementor-widget-text-editor\" data-id=\"0463012\" data-element_type=\"widget\" data-e-type=\"widget\" data-widget_type=\"text-editor.default\">\n\t\t\t\t\t\t\t\t\t<p class=\"x_MsoNormal\"><span lang=\"EN-US\" data-olk-copy-source=\"MessageBody\">Caro agricoltore,<\/span><\/p><p class=\"x_MsoNormal\"><span lang=\"EN-US\"> <\/span><\/p><p class=\"x_MsoNormal\"><span lang=\"EN-US\">Spero che questo messaggio ti trovi bene e che i tuoi raccolti stiano crescendo forti e sani. Oggi ti scrivo per condividere con te un nuovo capitolo profondamente personale ed emozionante, che riflette non solo la mia passione per l&#8217;agricoltura sostenibile, ma anche un profondo rispetto per l&#8217;incredibile lavoro che fai ogni giorno. <\/span><\/p><p class=\"x_MsoNormal\"><span lang=\"EN-US\"> <\/span><\/p><p class=\"x_MsoNormal\"><span lang=\"EN-US\" data-olk-copy-source=\"MessageBody\">Dopo pi\u00f9 di 25 anni come <b>puro player nel biocontrollo<\/b>, ho deciso di lanciare <b>VEGANIC\u00ae<\/b> \u2013 un&#8217;azienda nata non per necessit\u00e0, ma per scopo. \u00c8 un progetto costruito sulla gratitudine: per le persone che hanno percorso questa strada con me, per la terra che ci nutre e, soprattutto, per voi \u2013 gli agricoltori che coltivate la vita dal suolo. <\/span><\/p><p class=\"x_MsoNormal\"><span lang=\"EN-US\"> <\/span><\/p><p class=\"x_MsoNormal\"><span lang=\"EN-US\">VEGANIC\u00ae \u00e8 pi\u00f9 di un&#8217;azienda. \u00c8 un movimento radicato nella scienza, nell&#8217;integrit\u00e0 e nel rispetto per la natura. Sviluppiamo e forniamo <b>biosoluzioni innovative basate su estratti vegetali e microrganismi<\/b> \u2013 100% naturali, vegane, cruelty-free e allineate con gli standard ecologici pi\u00f9 rigorosi. Il nostro obiettivo \u00e8 darti strumenti che non solo siano efficaci, ma anche etici e sostenibili.   <\/span><\/p><p class=\"x_MsoNormal\"><span lang=\"EN-US\"> <\/span><\/p><p class=\"x_MsoNormal\"><span lang=\"EN-US\">Dopo pi\u00f9 di due decenni, <b>essere semplicemente biologici non basta pi\u00f9<\/b>. Non ci distingue pi\u00f9. Oggi, l&#8217;agricoltura richiede di pi\u00f9 \u2013 e cos\u00ec fa il pianeta. Dobbiamo andare oltre abbracciando un approccio consapevole che <b>includa valori come cruelty-free, vegano e agricoltura consapevole<\/b>. La natura ci sta parlando, chiedendo di pi\u00f9: pi\u00f9 rispetto, pi\u00f9 compassione, pi\u00f9 allineamento con i valori di una nuova generazione.     <b>Pi\u00f9 etico. Pi\u00f9 vegano. Pi\u00f9 responsabile. \u00c8 ora di ascoltare \u2013 e di agire.   <\/b><\/span><\/p><p class=\"x_MsoNormal\"><span lang=\"EN-US\"> <\/span><\/p><p class=\"x_MsoNormal\"><span lang=\"EN-US\">Ma soprattutto, <b>VEGANIC\u00ae \u00e8 un tributo alla tua professione<\/b>. Crediamo che sia giunto il momento di rivalutare il ruolo dell&#8217;agricoltore \u2013 non solo come produttore di cibo, ma come guardiano della biodiversit\u00e0, custode dell&#8217;ambiente e figura chiave nella costruzione di un futuro pi\u00f9 giusto e resiliente. <\/span><\/p><p class=\"x_MsoNormal\"><span lang=\"EN-US\"> <\/span><\/p><p class=\"x_MsoNormal\"><span lang=\"EN-US\">Il nostro modello verticalmente integrato ci permette di controllare ogni passo: dalla R e formulazione alla produzione, supporto sul campo e formazione. Questo significa maggiore efficienza, trasparenza e soluzioni su misura adattate alle tue esigenze uniche. Siamo qui per ascoltare, supportare e camminare al tuo fianco \u2013 perch\u00e9 capiamo che il tuo successo \u00e8 la base di tutto ci\u00f2 che facciamo.  <\/span><\/p><p class=\"x_MsoNormal\"><span lang=\"EN-US\"> <\/span><\/p><p class=\"x_MsoNormal\"><span lang=\"EN-US\">In VEGANIC\u00ae, ci impegniamo a rendere il tuo lavoro pi\u00f9 facile, redditizio e rispettato. Crediamo in un futuro in cui l&#8217;agricoltura non sia solo sostenibile ma ammirata. Dove il mondo rurale non sia abbandonato, ma rivitalizzato. E dove l&#8217;innovazione vada di pari passo con la tradizione.   <\/span><\/p><p class=\"x_MsoNormal\"><span lang=\"EN-US\"> <\/span><\/p><p class=\"x_MsoNormal\"><span lang=\"EN-US\">Grazie per far parte di questa missione condivisa. Grazie per continuare a credere in un modo migliore di coltivare. Siamo onorati di lavorare con te, ed entusiasti per ci\u00f2 che possiamo realizzare insieme.  <\/span><\/p><p class=\"x_MsoNormal\"><span lang=\"EN-US\"> <\/span><\/p><p class=\"x_MsoNormal\"><span lang=\"EN-US\">Con rispetto e determinazione,<\/span><\/p><p class=\"x_MsoNormal\"><b><span lang=\"EN-US\"> <\/span><\/b><\/p><p class=\"x_MsoNormal\"><b><span lang=\"EN-US\">Carlos Led\u00f3 Orriach<\/span><\/b><span lang=\"EN-US\"><br>Fondatore  CEO<br><b>VEGANIC\u00ae<\/b><\/span><\/p>\t\t\t\t\t\t\t\t<\/div>\n\t\t\t\t<\/div>\n\t\t\t\t\t<\/div>\n\t\t\t\t<\/div>\n\t\t<div data-particle_enable=\"false\" data-particle-mobile-disabled=\"false\" class=\"elementor-element elementor-element-3df7e808 e-con-full e-flex e-con e-parent\" data-id=\"3df7e808\" data-element_type=\"container\" data-e-type=\"container\" data-settings=\"{&quot;background_background&quot;:&quot;classic&quot;}\">\n\t\t\t\t<div class=\"elementor-element elementor-element-c1a155 elementor-widget elementor-widget-heading\" data-id=\"c1a155\" data-element_type=\"widget\" data-e-type=\"widget\" data-widget_type=\"heading.default\">\n\t\t\t\t\t<h2 class=\"elementor-heading-title elementor-size-default\">Carlos led\u00f3 \u2013 Biografia esecutiva<\/h2>\t\t\t\t<\/div>\n\t\t\t\t<\/div>\n\t\t<div data-particle_enable=\"false\" data-particle-mobile-disabled=\"false\" class=\"elementor-element elementor-element-48809397 e-con-full e-flex e-con e-parent\" data-id=\"48809397\" data-element_type=\"container\" data-e-type=\"container\" data-settings=\"{&quot;background_background&quot;:&quot;classic&quot;}\">\n\t\t\t\t<div class=\"elementor-element elementor-element-1e5165f3 elementor-widget elementor-widget-image\" data-id=\"1e5165f3\" data-element_type=\"widget\" data-e-type=\"widget\" data-widget_type=\"image.default\">\n\t\t\t\t\t\t\t\t\t\t\t\t\t\t\t<img decoding=\"async\" width=\"2560\" height=\"618\" src=\"https:\/\/veganic.bio\/wp-content\/uploads\/2025\/05\/cabecera-scaled-1.jpg\" class=\"attachment-full size-full wp-image-20867\" alt=\"\" srcset=\"https:\/\/veganic.bio\/wp-content\/uploads\/2025\/05\/cabecera-scaled-1.jpg 2560w, https:\/\/veganic.bio\/wp-content\/uploads\/2025\/05\/cabecera-scaled-1-1024x247.jpg 1024w, https:\/\/veganic.bio\/wp-content\/uploads\/2025\/05\/cabecera-scaled-1-768x185.jpg 768w, https:\/\/veganic.bio\/wp-content\/uploads\/2025\/05\/cabecera-scaled-1-1536x371.jpg 1536w, https:\/\/veganic.bio\/wp-content\/uploads\/2025\/05\/cabecera-scaled-1-2048x494.jpg 2048w, https:\/\/veganic.bio\/wp-content\/uploads\/2025\/05\/cabecera-scaled-1-600x145.jpg 600w\" sizes=\"(max-width: 2560px) 100vw, 2560px\" \/>\t\t\t\t\t\t\t\t\t\t\t\t\t\t\t<\/div>\n\t\t\t\t<\/div>\n\t\t<div data-particle_enable=\"false\" data-particle-mobile-disabled=\"false\" class=\"elementor-element elementor-element-60ddfdce e-flex e-con-boxed e-con e-parent\" data-id=\"60ddfdce\" data-element_type=\"container\" data-e-type=\"container\" data-settings=\"{&quot;background_background&quot;:&quot;classic&quot;}\">\n\t\t\t\t\t<div class=\"e-con-inner\">\n\t\t\t\t<div class=\"elementor-element elementor-element-5413369c elementor-widget elementor-widget-text-editor\" data-id=\"5413369c\" data-element_type=\"widget\" data-e-type=\"widget\" data-widget_type=\"text-editor.default\">\n\t\t\t\t\t\t\t\t\t<p>Carlos Led\u00f3 \u00e8 un <b>imprenditore visionario e leader globale nell&#8217;agricoltura sostenibile<\/b>, con una carriera definita da scopo, innovazione e rivalutazione del settore agricolo. \u00c8 un <b>imprenditore seriale<\/b> che ha fondato <b>22 aziende<\/b> in vari settori e paesi. Il suo percorso imprenditoriale \u00e8 iniziato quando era ancora studente, vivendo a casa dei genitori. La sua impresa pi\u00f9 riconosciuta \u00e8 <b>Idai Nature<\/b>, un&#8217;azienda che ha fondato nel <b>2009<\/b> e che ha rivoluzionato il mercato del biocontrollo attraverso soluzioni agricole naturali.   <\/p>\t\t\t\t\t\t\t\t<\/div>\n\t\t\t\t\t<\/div>\n\t\t\t\t<\/div>\n\t\t<div data-particle_enable=\"false\" data-particle-mobile-disabled=\"false\" class=\"elementor-element elementor-element-9fb79cf e-flex e-con-boxed e-con e-parent\" data-id=\"9fb79cf\" data-element_type=\"container\" data-e-type=\"container\" data-settings=\"{&quot;background_background&quot;:&quot;classic&quot;}\">\n\t\t\t\t\t<div class=\"e-con-inner\">\n\t\t<div data-particle_enable=\"false\" data-particle-mobile-disabled=\"false\" class=\"elementor-element elementor-element-27236fa e-con-full e-flex e-con e-child\" data-id=\"27236fa\" data-element_type=\"container\" data-e-type=\"container\">\n\t\t<div data-particle_enable=\"false\" data-particle-mobile-disabled=\"false\" class=\"elementor-element elementor-element-f2eedc3 e-con-full e-flex e-con e-child\" data-id=\"f2eedc3\" data-element_type=\"container\" data-e-type=\"container\" data-settings=\"{&quot;background_background&quot;:&quot;classic&quot;}\">\n\t\t\t\t<div class=\"elementor-element elementor-element-a28435c elementor-widget elementor-widget-text-editor\" data-id=\"a28435c\" data-element_type=\"widget\" data-e-type=\"widget\" data-widget_type=\"text-editor.default\">\n\t\t\t\t\t\t\t\t\t<p class=\"x_MsoNormal\"><span lang=\"EN-US\" data-olk-copy-source=\"MessageBody\">Carlos Led\u00f3 \u00e8 un <b>imprenditore visionario e leader globale nell&#8217;agricoltura sostenibile<\/b>, con una carriera definita da scopo, innovazione e rivalutazione del settore agricolo. \u00c8 un <b>imprenditore seriale<\/b> che ha fondato <b>22 aziende<\/b> in vari settori e paesi. Il suo percorso imprenditoriale \u00e8 iniziato quando era ancora studente, vivendo a casa dei genitori. La sua impresa pi\u00f9 riconosciuta \u00e8 <b>Idai Nature<\/b>, un&#8217;azienda che ha fondato nel <b>2009<\/b> e che ha rivoluzionato il mercato del biocontrollo attraverso soluzioni agricole naturali.   <\/span><\/p><p class=\"x_MsoNormal\"><span lang=\"EN-US\"> <\/span><\/p><p class=\"x_MsoNormal\"><span lang=\"EN-US\">Nel <b>2018<\/b>, Carlos ha integrato Idai Nature in un gruppo aziendale sostenuto da un fondo di private equity. Ha continuato in un ruolo di leadership come <b>COO della Business Unit Biocontrollo<\/b> del neonato <b>Gruppo Rovensa<\/b>, con la missione di costruire e scalare questa divisione a livello globale. <\/span><\/p><p class=\"x_MsoNormal\"><span lang=\"EN-US\">Sotto la sua guida strategica e con il supporto del suo team, l&#8217;unit\u00e0 di business si \u00e8 espansa operando in oltre <b>90 paesi<\/b> e, in cinque anni, \u00e8 diventata <b>leader mondiale nelle vendite di biocontrollo<\/b>, come riportato nel <b>Dunham Trimmer Report 2023<\/b>. Questo traguardo \u00e8 stato segnato dal suo ruolo chiave nel lancio globale del brand <b>Rovensa Next<\/b> alla <b>Fruit Logistica 2023<\/b> a Berlino. <\/span><\/p><p class=\"x_MsoNormal\"><span lang=\"EN-US\"> <\/span><\/p><p class=\"x_MsoNormal\"><span lang=\"EN-US\">Dopo aver portato a termine con successo la missione affidatagli, Carlos si \u00e8 dimesso dal suo ruolo dirigenziale e, da <b>febbraio 2023 a febbraio 2024<\/b>, ha servito come <b>Brand Ambassador di Rovensa Next<\/b> e <b>Consigliere Strategico del CEO del Gruppo Rovensa<\/b>, mentre si preparava per un nuovo capitolo imprenditoriale.<\/span><\/p><p class=\"x_MsoNormal\"><span lang=\"EN-US\"> <\/span><\/p><p class=\"x_MsoNormal\"><span lang=\"EN-US\">A <b>marzo 2024<\/b>, ha lanciato <b>VEGANIC\u00ae<\/b>, un&#8217;azienda guidata da uno scopo preciso e focalizzata sullo sviluppo e la commercializzazione di <b>biosoluzioni 100% vegane e cruelty-free<\/b> basate su estratti vegetali e microrganismi. Il suo obiettivo: costruire <b>un unicorno globale nel biocontrollo<\/b> entro cinque anni e guidare la trasformazione dell&#8217;agricoltura verso un modello pi\u00f9 etico, rigenerativo e sostenibile. Per Carlos, VEGANIC\u00ae non \u00e8 solo un business\u2014\u00e8 la sua eredit\u00e0 pi\u00f9 personale e ambiziosa. Sotto la sua guida, <b>VEGANIC\u00ae<\/b> sta rapidamente diventando un <b>punto di riferimento globale nell&#8217;agricoltura rispettosa e basata sulla scienza<\/b>, aiutando gli agricoltori a passare a pratiche pi\u00f9 sostenibili, redditizie e a prova di futuro. A <b>maggio 2025<\/b>, VEGANIC\u00ae ha ricevuto il prestigioso premio spagnolo <b>Emprende XXI<\/b>, assegnato da <b>La Caixa<\/b> e <b>ENISA<\/b>, che lo riconosce come una delle startup pi\u00f9 innovative e ad alto impatto in Spagna. Questo premio evidenzia il potenziale dirompente dell&#8217;azienda, il suo impegno per la sostenibilit\u00e0 e il suo ruolo nel <b>plasmare il futuro dell&#8217;agricoltura<\/b> attraverso l&#8217;innovazione biotecnologica.     <\/span><\/p>\t\t\t\t\t\t\t\t<\/div>\n\t\t\t\t<\/div>\n\t\t<div data-particle_enable=\"false\" data-particle-mobile-disabled=\"false\" class=\"elementor-element elementor-element-5a2ffd0 e-con-full e-flex e-con e-child\" data-id=\"5a2ffd0\" data-element_type=\"container\" data-e-type=\"container\" data-settings=\"{&quot;background_background&quot;:&quot;classic&quot;}\">\n\t\t\t\t<div class=\"elementor-element elementor-element-862fd94 elementor-widget elementor-widget-text-editor\" data-id=\"862fd94\" data-element_type=\"widget\" data-e-type=\"widget\" data-widget_type=\"text-editor.default\">\n\t\t\t\t\t\t\t\t\t<p class=\"x_MsoNormal\"><span lang=\"EN-US\">Carlos possiede diversi titoli accademici avanzati, tra cui un <b>Executive MBA<\/b> presso ESIC, l&#8217;<b>Entrepreneurship Development Program (EDP)<\/b> presso il <b>Massachusetts Institute of Technology (MIT)<\/b> a Boston, e programmi executive presso <b>ESADE<\/b>, <b>IE Business School<\/b>, e il <b>Programma 15&#215;15 presso EDEM<\/b>. \u00c8 stato nominato primo <b>Alumno Distinguido<\/b> dal Rettore dell&#8217;<b>Universit\u00e0 Politecnica di Valencia (UPV)<\/b>, dove ha anche ricoperto il ruolo di <b>Presidente di Alumni UPV<\/b>, rappresentando oltre 60.000 ex studenti. <\/span><\/p><p class=\"x_MsoNormal\"><span lang=\"EN-US\"> <\/span><\/p><p class=\"x_MsoNormal\"><span lang=\"EN-US\">Dal 2018 al 2021, \u00e8 stato anche <b>Presidente di BIOVAL<\/b>, l&#8217;Associazione delle Aziende Biotecnologiche della Comunit\u00e0 Valenciana, dove ha fondato l&#8217;annuale <b>Gala della Notte della Biotecnologia<\/b>, ora un evento chiave nell&#8217;ecosistema dell&#8217;innovazione regionale. Carlos \u00e8 anche un rispettato educatore e oratore pubblico. Ha insegnato in vari programmi MBA e post-laurea, inclusi quelli presso l&#8217;<b>Universit\u00e0 ESIC<\/b> ed <b>EDEM<\/b>, su temi legati all&#8217;innovazione e alla leadership strategica. Nel 2016, ha ricevuto il premio <b>Miglior Masterclass<\/b> dal programma Executive MBA dell&#8217;UPV.   <\/span><\/p><p class=\"x_MsoNormal\"><span lang=\"EN-US\">Ha ricevuto riconoscimenti da leader e istituzioni globali come <b>Steve Wozniak<\/b> (co-fondatore di Apple), <b>Barack Obama<\/b>, la <b>Regina Letizia di Spagna<\/b>, <b>Ana Bot\u00edn<\/b> (Presidente del Banco Santander), il <b>Presidente del Governo spagnolo<\/b>, e la <b>Commissione Europea<\/b>.<\/span><\/p><p class=\"x_MsoNormal\"><span lang=\"EN-US\"> <\/span><\/p><p class=\"x_MsoNormal\"><span lang=\"EN-US\">Da <b>dicembre 2023<\/b>, \u00e8 stato anche riconosciuto come <b>Top Voice in Ricerca  Innovazione<\/b> da <b>LinkedIn<\/b>, dove condivide regolarmente approfondimenti su imprenditorialit\u00e0, sostenibilit\u00e0 agricola e il futuro del biocontrollo.<\/span><\/p><p class=\"x_MsoNormal\"><span lang=\"EN-US\"> <\/span><\/p><p class=\"x_MsoNormal\"><span lang=\"EN-US\">Nel <b>2025<\/b>, Carlos \u00e8 stato nominato <b>Finalista per i Visionary Awards in Agribusiness<\/b>, un prestigioso riconoscimento internazionale che celebra i leader che stanno trasformando il futuro dell&#8217;agricoltura e dei sistemi alimentari. In riconoscimento del suo lavoro pionieristico nella biotecnologia verde e nell&#8217;economia circolare, \u00e8 stato nominato <b><i>Finalista per i Visionary Awards in Agribusiness<\/i> nel 2025<\/b>, un riconoscimento internazionale che evidenzia la leadership trasformativa nel sistema alimentare e agricolo globale. <\/span><\/p><p class=\"x_MsoNormal\"><span lang=\"EN-US\"> <\/span><\/p><p class=\"x_MsoNormal\"><span lang=\"EN-US\">Carlos Led\u00f3 non sta solo costruendo aziende\u2014sta aiutando a <b>ridefinire il futuro dell&#8217;agricoltura<\/b>: uno che mette <b>gli agricoltori al centro<\/b>, rispetta la <b>natura<\/b>, e ripristina il <b>valore<\/b> lungo l&#8217;intera catena alimentare. <b>La sua missione \u00e8 chiara: lasciare un mondo migliore alle generazioni future<\/b> creando impatto con integrit\u00e0, ispirando la prossima generazione e assicurando che l&#8217;innovazione serva sempre le persone e il pianeta.<\/span><\/p>\t\t\t\t\t\t\t\t<\/div>\n\t\t\t\t<\/div>\n\t\t\t\t<\/div>\n\t\t<div data-particle_enable=\"false\" data-particle-mobile-disabled=\"false\" class=\"elementor-element elementor-element-affa152 e-con-full e-flex e-con e-child\" data-id=\"affa152\" data-element_type=\"container\" data-e-type=\"container\">\n\t\t\t\t<div class=\"elementor-element elementor-element-f634c3d elementor-widget elementor-widget-image\" data-id=\"f634c3d\" data-element_type=\"widget\" data-e-type=\"widget\" data-widget_type=\"image.default\">\n\t\t\t\t\t\t\t\t\t\t\t\t\t\t\t<img decoding=\"async\" width=\"1843\" height=\"2480\" src=\"https:\/\/veganic.bio\/wp-content\/uploads\/2025\/05\/Mosaico-OK-scaled-1-e1747990940220.jpg\" class=\"attachment-full size-full wp-image-20871\" alt=\"\" srcset=\"https:\/\/veganic.bio\/wp-content\/uploads\/2025\/05\/Mosaico-OK-scaled-1-e1747990940220.jpg 1843w, https:\/\/veganic.bio\/wp-content\/uploads\/2025\/05\/Mosaico-OK-scaled-1-e1747990940220-761x1024.jpg 761w, https:\/\/veganic.bio\/wp-content\/uploads\/2025\/05\/Mosaico-OK-scaled-1-e1747990940220-768x1033.jpg 768w, https:\/\/veganic.bio\/wp-content\/uploads\/2025\/05\/Mosaico-OK-scaled-1-e1747990940220-1141x1536.jpg 1141w, https:\/\/veganic.bio\/wp-content\/uploads\/2025\/05\/Mosaico-OK-scaled-1-e1747990940220-1522x2048.jpg 1522w, https:\/\/veganic.bio\/wp-content\/uploads\/2025\/05\/Mosaico-OK-scaled-1-e1747990940220-600x807.jpg 600w\" sizes=\"(max-width: 1843px) 100vw, 1843px\" \/>\t\t\t\t\t\t\t\t\t\t\t\t\t\t\t<\/div>\n\t\t\t\t<\/div>\n\t\t\t\t\t<\/div>\n\t\t\t\t<\/div>\n\t\t<div data-particle_enable=\"false\" data-particle-mobile-disabled=\"false\" class=\"elementor-element elementor-element-4370ea2c e-flex e-con-boxed e-con e-parent\" data-id=\"4370ea2c\" data-element_type=\"container\" data-e-type=\"container\" data-settings=\"{&quot;background_background&quot;:&quot;gradient&quot;}\">\n\t\t\t\t\t<div class=\"e-con-inner\">\n\t\t<div data-particle_enable=\"false\" data-particle-mobile-disabled=\"false\" class=\"elementor-element elementor-element-20ad21df e-con-full e-flex e-con e-child\" data-id=\"20ad21df\" data-element_type=\"container\" data-e-type=\"container\" data-settings=\"{&quot;background_background&quot;:&quot;classic&quot;}\">\n\t\t\t\t<div class=\"elementor-element elementor-element-138f18b4 elementor-widget elementor-widget-text-editor\" data-id=\"138f18b4\" data-element_type=\"widget\" data-e-type=\"widget\" data-widget_type=\"text-editor.default\">\n\t\t\t\t\t\t\t\t\t<h3 data-start=\"203\" data-end=\"232\"><span style=\"color: #000000;\"><strong data-start=\"207\" data-end=\"232\">ONORI  RICONOSCIMENTI<\/strong><\/span><\/h3><p class=\"x_MsoNormal\"><span lang=\"EN-US\" data-olk-copy-source=\"MessageBody\">Durante la sua carriera professionale, Carlos Led\u00f3 ha ricevuto numerosi premi, onori e riconoscimenti che riflettono la sua leadership, innovazione e impegno per un&#8217;agricoltura sostenibile:<\/span><\/p><p class=\"x_MsoNormal\"><span lang=\"EN-US\"> <\/span><\/p><ul type=\"disc\"><li class=\"x_MsoNormal\"><b><span lang=\"EN-US\">Premio Nazionale PMI<\/span><\/b><span lang=\"EN-US\">, consegnato da Sua Maest\u00e0 il Re Felipe VI di Spagna \u2013 <b>2014<\/b><\/span><\/li><li class=\"x_MsoNormal\"><b><span lang=\"EN-US\">Premio Aster per il Miglior imprenditore<\/span><\/b><span lang=\"EN-US\">, comunit\u00e0 valenciana \u2013 <b>2014<\/b><\/span><\/li><li class=\"x_MsoNormal\"><b><span lang=\"EN-US\">Panelist con Steve Wozniak<\/span><\/b><span lang=\"EN-US\">, co-fondatore di Apple, in Messico \u2013 <b>2014<\/b><\/span><\/li><li class=\"x_MsoNormal\"><b><span lang=\"EN-US\">Miglior Masterclass<\/span><\/b><span lang=\"EN-US\">, Executive MBA, Universit\u00e0 Politecnica di Valencia \u2013 <b>2016<\/b><\/span><\/li><li class=\"x_MsoNormal\"><b><span lang=\"EN-US\">Primo ex alunno distinto<\/span><\/b><span lang=\"EN-US\">, Universit\u00e0 Politecnica di Valencia \u2013 <b>2016<\/b><\/span><\/li><li class=\"x_MsoNormal\"><b><span lang=\"EN-US\">Invitato personale<\/span><\/b><span lang=\"EN-US\"> a una tavola rotonda privata di business con l&#8217;ex Presidente degli Stati Uniti <b>Barack Obama<\/b> \u2013 <b>2016<\/b><\/span><\/li><li class=\"x_MsoNormal\"><b><span lang=\"EN-US\">Premio Aster per il Miglior imprenditore nazionale<\/span><\/b><span lang=\"EN-US\"> \u2013 <b>2017<\/b><\/span><\/li><li class=\"x_MsoNormal\"><b><span lang=\"EN-US\">Udienza privata<\/span><\/b><span lang=\"EN-US\"> al Palazzo della Zarzuela con <b>Sua Maest\u00e0 la Regina Letizia di Spagna<\/b> \u2013 <b>2017<\/b><\/span><\/li><li class=\"x_MsoNormal\"><b><span lang=\"EN-US\">Benedizione apostolica<\/span><\/b><span lang=\"EN-US\"> da <b>Sua Santit\u00e0 Papa Francesco<\/b> \u2013 <b>2018<\/b><\/span><\/li><li class=\"x_MsoNormal\"><b><span lang=\"EN-US\">Riconoscimento speciale<\/span><\/b><span lang=\"EN-US\"> da <b>Ana Patricia Bot\u00edn<\/b>, Presidente di Banco Santander, come imprenditore di spicco \u2013 <b>2018<\/b><\/span><\/li><li class=\"x_MsoNormal\"><b><span lang=\"EN-US\">Premio AAA<\/span><\/b><span lang=\"EN-US\">, scuola di business EDEM (fondata da Juan Roig) \u2013 <b>2019<\/b><\/span><\/li><li class=\"x_MsoNormal\"><b><span lang=\"EN-US\">Presidente di Bioval<\/span><\/b><span lang=\"EN-US\"> (Associazione delle Imprese Biotecnologiche della Comunit\u00e0 Valenciana) \u2013 <b>2018\u20132021<\/b><\/span><\/li><li class=\"x_MsoNormal\"><b><span lang=\"EN-US\">Premio Eccellenza Professionale in RS<\/span><\/b><span lang=\"EN-US\">, Associazione dei Collegi Professionali \u2013 <b>2019<\/b><\/span><\/li><li class=\"x_MsoNormal\"><b><span lang=\"EN-US\">Membro della Giuria<\/span><\/b><span lang=\"EN-US\">, Premi Aster, Universit\u00e0 ESIC \u2013 <b>2019\u2013Presente<\/b><\/span><\/li><li class=\"x_MsoNormal\"><b><span lang=\"EN-US\">Membro del Consiglio Consultivo<\/span><\/b><span lang=\"EN-US\">, Scuola di Ingegneria Agraria, Universit\u00e0 Politecnica di Valencia \u2013 <b>2020\u2013Presente<\/b><\/span><\/li><li class=\"x_MsoNormal\"><b>Presidente<\/b>, Alumni UPV \u2013 <b>2021\u2013Presente<\/b><\/li><li class=\"x_MsoNormal\"><b><span lang=\"EN-US\">Padrino di laurea<\/span><\/b><span lang=\"EN-US\">, scuola di business dell&#8217;Universit\u00e0 ESIC \u2013 <b>2022<\/b><\/span><\/li><li class=\"x_MsoNormal\"><b>Ambasciatore<\/b>, classe EMBA dell&#8217;Universit\u00e0 ESIC \u2013 <b>2022<\/b><\/li><li class=\"x_MsoNormal\"><b><span lang=\"EN-US\">Membro della Giuria<\/span><\/b><span lang=\"EN-US\">, Premi Revoluciona di BBVA e Universit\u00e0 di Valencia \u2013 <b>2022\u2013Presente<\/b><\/span><\/li><li class=\"x_MsoNormal\"><b><span lang=\"EN-US\">Top Voice in Ricerca  Innovazione<\/span><\/b><span lang=\"EN-US\">, LinkedIn \u2013 <b>Dicembre 2023\u2013Presente<\/b><\/span><\/li><li class=\"x_MsoNormal\"><b><span lang=\"EN-US\">Membro del Consiglio<\/span><\/b><span lang=\"EN-US\">, Consiglio Sociale, Universit\u00e0 di Valencia \u2013 <b>2024\u2013Presente<\/b><\/span><\/li><li class=\"x_MsoNormal\"><b><span lang=\"EN-US\">Relatore principale<\/span><\/b><span lang=\"EN-US\">, Incontro Annuale dell&#8217;Associazione Latinoamericana delle Associazioni dell&#8217;Industria Agrochimica (ALINA), Miami \u2013 <b>Marzo 2024<\/b><\/span><\/li><li class=\"x_MsoNormal\"><b><span lang=\"EN-US\">Finalista<\/span><\/b><span lang=\"EN-US\">, <b>premi visionari per l&#8217;innovazione nell&#8217;agribusiness<\/b> \u2013 <b>2025<\/b><\/span><\/li><li class=\"x_MsoNormal\"><b><span lang=\"EN-US\">Vincitore<\/span><\/b><span lang=\"EN-US\">, <b>Premio Emprende XXI<\/b> di <b>La Caixa<\/b> e <b>ENISA<\/b>, riconoscendo VEGANIC\u00ae come una delle startup pi\u00f9 impattanti in Spagna \u2013 <b>Maggio 2025<\/b><\/span><\/li><\/ul>\t\t\t\t\t\t\t\t<\/div>\n\t\t\t\t<\/div>\n\t\t<div data-particle_enable=\"false\" data-particle-mobile-disabled=\"false\" class=\"elementor-element elementor-element-51371f43 e-con-full e-flex e-con e-child\" data-id=\"51371f43\" data-element_type=\"container\" data-e-type=\"container\" data-settings=\"{&quot;background_background&quot;:&quot;classic&quot;}\">\n\t\t\t\t<div class=\"elementor-element elementor-element-54484488 elementor-widget elementor-widget-text-editor\" data-id=\"54484488\" data-element_type=\"widget\" data-e-type=\"widget\" data-widget_type=\"text-editor.default\">\n\t\t\t\t\t\t\t\t\t<h3><strong><span style=\"color: #000000;\">COMUNICAZIONI<\/span><\/strong><\/h3><p class=\"x_MsoNormal\"><span lang=\"EN-US\" data-olk-copy-source=\"MessageBody\">Carlos Led\u00f3 \u00e8 stato ampiamente presentato nei media nazionali e internazionali per la sua leadership nell&#8217;innovazione agricola, sostenibilit\u00e0 e biotecnologia. Di seguito sono elencate alcune delle sue apparizioni pi\u00f9 rilevanti: <\/span><\/p><p class=\"x_MsoNormal\"><span lang=\"EN-US\"> <\/span><\/p><p class=\"x_MsoNormal\"><b><span lang=\"EN-US\">Agribusiness global, Rapporto speciale \u2013 Marzo 2025<\/span><\/b><\/p><p class=\"x_MsoNormal\"><span lang=\"EN-US\">Evidenziato come uno dei leader visionari nell&#8217;agribusiness per il 2025, Led\u00f3 \u00e8 stato riconosciuto per il suo approccio innovativo al biocontrollo e il suo impegno per pratiche agricole sostenibili.<\/span><\/p><p class=\"x_MsoNormal\"><b><span lang=\"EN-US\"> <\/span><\/b><\/p><p class=\"x_MsoNormal\"><b><span lang=\"EN-US\">BAW Digest, Intervista approfondita \u2013 Giugno 2024  Giugno 2025<\/span><\/b><\/p><p class=\"x_MsoNormal\"><span lang=\"EN-US\">In questa intervista, Led\u00f3 ha discusso le sfide e le opportunit\u00e0 nell&#8217;agricoltura moderna, sottolineando l&#8217;importanza delle soluzioni vegane e cruelty-free nel biocontrollo.<\/span><\/p><p class=\"x_MsoNormal\"><b><span lang=\"EN-US\"> <\/span><\/b><\/p><p class=\"x_MsoNormal\"><b><span lang=\"EN-US\">Econom\u00eda 3, copertina e intervista esclusiva \u2013 Giugno 2024<\/span><\/b><\/p><p class=\"x_MsoNormal\"><span lang=\"EN-US\">In questo numero, Carlos Led\u00f3 ha condiviso la sua visione per la trasformazione del settore agroalimentare e il ruolo dell&#8217;innovazione nella sostenibilit\u00e0 agricola.<\/span><\/p><p class=\"x_MsoNormal\"><span lang=\"EN-US\"> <\/span><\/p><p class=\"x_MsoNormal\"><b><span lang=\"EN-US\">Levante-EMV, intervista sull&#8217;espansione internazionale \u2013 Settembre 2024<\/span><\/b><\/p><p class=\"x_MsoNormal\"><span lang=\"EN-US\">Led\u00f3 ha parlato dei piani di espansione di Veganic Nature, inclusa l&#8217;apertura di filiali in Argentina, Messico e Malesia, e del suo obiettivo di trasformare l&#8217;azienda in un unicorno del biocontrollo entro cinque anni.<\/span><\/p><p class=\"x_MsoNormal\"><span lang=\"EN-US\"> <\/span><\/p><p class=\"x_MsoNormal\"><b><span lang=\"EN-US\">Econom\u00eda 3, partecipazione a una tavola rotonda sul settore agroalimentare \u2013 Giugno 2024<\/span><\/b><\/p><p class=\"x_MsoNormal\"><span lang=\"EN-US\">Ha partecipato a un dibattito sulle sfide del settore agroalimentare, affrontando temi come la redditivit\u00e0, l&#8217;innovazione e il ricambio generazionale.<\/span><\/p><p class=\"x_MsoNormal\"><b><span lang=\"EN-US\"> <\/span><\/b><\/p><p class=\"x_MsoNormal\"><b><span lang=\"EN-US\">Levante-EMV, partecipazione a Planeta Agro \u2013 Ottobre 2024<\/span><\/b><\/p><p class=\"x_MsoNormal\"><span lang=\"EN-US\">A questo evento, Led\u00f3 ha chiesto di attrarre i giovani verso la campagna e ha sottolineato la necessit\u00e0 di valorizzare il lavoro degli agricoltori come eroi che nutrono il pianeta.<\/span><\/p><p class=\"x_MsoNormal\"><span lang=\"EN-US\"> <\/span><\/p><p class=\"x_MsoNormal\"><b><span lang=\"EN-US\">Fruittoday, edizione di gennaio \u2013 Gennaio 2023<\/span><\/b><\/p><p class=\"x_MsoNormal\"><span lang=\"EN-US\">Articolo in evidenza sulle innovazioni nel biocontrollo e l&#8217;impatto di Veganic sull&#8217;agricoltura sostenibile.<\/span><\/p><p class=\"x_MsoNormal\"><span lang=\"EN-US\"> <\/span><\/p><p class=\"x_MsoNormal\"><b><span lang=\"EN-US\">Economa 3, numero 299 \u2013 Aprile 2018<\/span><\/b><\/p><p class=\"x_MsoNormal\"><span lang=\"EN-US\">Intervista incentrata sulla crescita di Idai Nature e sulla visione imprenditoriale di Led\u00f3 nel campo della biotecnologia agricola.<\/span><\/p><p class=\"x_MsoNormal\"><span lang=\"EN-US\"> <\/span><\/p><p class=\"x_MsoNormal\"><b><span lang=\"EN-US\">Las Provincias, multiple edizioni \u2013 2018\u20132020<\/span><\/b><\/p><p class=\"x_MsoNormal\"><span lang=\"EN-US\">Copertura delle iniziative imprenditoriali di Led\u00f3 e del loro impatto sull&#8217;agricoltura valenciana.<\/span><\/p><p class=\"x_MsoNormal\"><span lang=\"EN-US\"> <\/span><\/p><p class=\"x_MsoNormal\"><b><span lang=\"EN-US\">Levante-EMV, multiple edizioni \u2013 2018\u20132019<\/span><\/b><\/p><p class=\"x_MsoNormal\"><span lang=\"EN-US\">Articoli sui contributi di Led\u00f3 al settore agricolo e il suo focus sulle pratiche sostenibili.<\/span><\/p><p class=\"x_MsoNormal\"><span lang=\"EN-US\"> <\/span><\/p><p class=\"x_MsoNormal\"><b>El Debate (Culiac\u00e1n, Messico), stampa nazionale messicana \u2013 Maggio 2018<\/b><\/p><p class=\"x_MsoNormal\"><span lang=\"EN-US\">Intervista sull&#8217;espansione internazionale di Idai Nature e le opportunit\u00e0 nel mercato messicano.<\/span><\/p><p class=\"x_MsoNormal\"><span lang=\"EN-US\"> <\/span><\/p><p class=\"x_MsoNormal\"><span lang=\"EN-US\">Carlos Led\u00f3 \u00e8 un fervente difensore dei <b>valori <\/b><\/span><b><span lang=\"EN-US\">\u200b\u200b<\/span><\/b><b><span lang=\"EN-US\">come fondamento essenziale della vita<\/span><\/b><span lang=\"EN-US\">. Questa filosofia si riflette in tutte le aziende che ha fondato, creando team guidati da principi ed etica al di sopra di qualsiasi obiettivo commerciale.<\/span><\/p>\t\t\t\t\t\t\t\t<\/div>\n\t\t\t\t<\/div>\n\t\t\t\t\t<\/div>\n\t\t\t\t<\/div>\n\t\t\t\t<\/div>\n\t\t","protected":false},"excerpt":{"rendered":"<p>Conosci il nostro fondatore Carlos led\u00f3 Linkedin Caro agricoltore, Spero che questo messaggio ti trovi bene e che i tuoi raccolti stiano crescendo forti e sani. Oggi ti scrivo per condividere con te un nuovo capitolo profondamente personale ed emozionante, che riflette non solo la mia passione per l&#8217;agricoltura sostenibile, ma anche un profondo rispetto [&hellip;]<\/p>\n","protected":false},"author":1,"featured_media":0,"parent":0,"menu_order":0,"comment_status":"closed","ping_status":"closed","template":"","meta":{"footnotes":""},"class_list":["post-21409","page","type-page","status-publish","hentry"],"_links":{"self":[{"href":"https:\/\/veganic.bio\/it\/wp-json\/wp\/v2\/pages\/21409","targetHints":{"allow":["GET"]}}],"collection":[{"href":"https:\/\/veganic.bio\/it\/wp-json\/wp\/v2\/pages"}],"about":[{"href":"https:\/\/veganic.bio\/it\/wp-json\/wp\/v2\/types\/page"}],"author":[{"embeddable":true,"href":"https:\/\/veganic.bio\/it\/wp-json\/wp\/v2\/users\/1"}],"replies":[{"embeddable":true,"href":"https:\/\/veganic.bio\/it\/wp-json\/wp\/v2\/comments?post=21409"}],"version-history":[{"count":3,"href":"https:\/\/veganic.bio\/it\/wp-json\/wp\/v2\/pages\/21409\/revisions"}],"predecessor-version":[{"id":30792,"href":"https:\/\/veganic.bio\/it\/wp-json\/wp\/v2\/pages\/21409\/revisions\/30792"}],"wp:attachment":[{"href":"https:\/\/veganic.bio\/it\/wp-json\/wp\/v2\/media?parent=21409"}],"curies":[{"name":"wp","href":"https:\/\/api.w.org\/{rel}","templated":true}]}}