{"id":21375,"date":"2025-05-20T12:55:25","date_gmt":"2025-05-20T12:55:25","guid":{"rendered":"https:\/\/veganic.bio\/carlos-ledo\/"},"modified":"2026-01-12T13:46:05","modified_gmt":"2026-01-12T13:46:05","slug":"carlos-ledo","status":"publish","type":"page","link":"https:\/\/veganic.bio\/fr\/carlos-ledo\/","title":{"rendered":"Carlos led\u00f3"},"content":{"rendered":"\t\t<div data-elementor-type=\"wp-page\" data-elementor-id=\"21375\" class=\"elementor elementor-21375 elementor-17792\" data-elementor-post-type=\"page\">\n\t\t\t\t<div data-particle_enable=\"false\" data-particle-mobile-disabled=\"false\" class=\"elementor-element elementor-element-e16c951 e-flex e-con-boxed e-con e-parent\" data-id=\"e16c951\" data-element_type=\"container\" data-e-type=\"container\" data-settings=\"{&quot;background_background&quot;:&quot;classic&quot;}\">\n\t\t\t\t\t<div class=\"e-con-inner\">\n\t\t<div data-particle_enable=\"false\" data-particle-mobile-disabled=\"false\" class=\"elementor-element elementor-element-74d44e9 e-con-full e-flex e-con e-child\" data-id=\"74d44e9\" data-element_type=\"container\" data-e-type=\"container\" data-settings=\"{&quot;background_background&quot;:&quot;classic&quot;}\">\n\t\t\t\t<div class=\"elementor-element elementor-element-11ade30 elementor-widget elementor-widget-heading\" data-id=\"11ade30\" data-element_type=\"widget\" data-e-type=\"widget\" data-widget_type=\"heading.default\">\n\t\t\t\t\t<h1 class=\"elementor-heading-title elementor-size-default\">Rencontrez notre fondateur<\/h1>\t\t\t\t<\/div>\n\t\t\t\t<div class=\"elementor-element elementor-element-998695f elementor-widget elementor-widget-heading\" data-id=\"998695f\" data-element_type=\"widget\" data-e-type=\"widget\" data-widget_type=\"heading.default\">\n\t\t\t\t\t<h2 class=\"elementor-heading-title elementor-size-default\">Carlos led\u00f3<\/h2>\t\t\t\t<\/div>\n\t\t\t\t<div class=\"elementor-element elementor-element-ba8fa86 elementor-widget elementor-widget-image\" data-id=\"ba8fa86\" data-element_type=\"widget\" data-e-type=\"widget\" data-widget_type=\"image.default\">\n\t\t\t\t\t\t\t\t\t\t\t\t\t\t\t<img fetchpriority=\"high\" decoding=\"async\" width=\"1242\" height=\"788\" src=\"https:\/\/veganic.bio\/wp-content\/uploads\/2025\/05\/carlos.jpg\" class=\"attachment-full size-full wp-image-20854\" alt=\"\" srcset=\"https:\/\/veganic.bio\/wp-content\/uploads\/2025\/05\/carlos.jpg 1242w, https:\/\/veganic.bio\/wp-content\/uploads\/2025\/05\/carlos-1024x650.jpg 1024w, https:\/\/veganic.bio\/wp-content\/uploads\/2025\/05\/carlos-768x487.jpg 768w, https:\/\/veganic.bio\/wp-content\/uploads\/2025\/05\/carlos-600x381.jpg 600w\" sizes=\"(max-width: 1242px) 100vw, 1242px\" \/>\t\t\t\t\t\t\t\t\t\t\t\t\t\t\t<\/div>\n\t\t\t\t<div class=\"elementor-element elementor-element-56f904e elementor-shape-rounded elementor-grid-0 e-grid-align-center elementor-widget elementor-widget-social-icons\" data-id=\"56f904e\" data-element_type=\"widget\" data-e-type=\"widget\" data-widget_type=\"social-icons.default\">\n\t\t\t\t\t\t\t<div class=\"elementor-social-icons-wrapper elementor-grid\">\n\t\t\t\t\t\t\t<span class=\"elementor-grid-item\">\n\t\t\t\t\t<a class=\"elementor-icon elementor-social-icon elementor-social-icon-linkedin elementor-repeater-item-b6261b4\" href=\"https:\/\/www.linkedin.com\/in\/carlos-led%C3%B3-orriach-a567359\/\" target=\"_blank\" rel=\"noopener\">\n\t\t\t\t\t\t<span class=\"elementor-screen-only\">Linkedin<\/span>\n\t\t\t\t\t\t<svg aria-hidden=\"true\" class=\"e-font-icon-svg e-fab-linkedin\" viewBox=\"0 0 448 512\" xmlns=\"http:\/\/www.w3.org\/2000\/svg\"><path d=\"M416 32H31.9C14.3 32 0 46.5 0 64.3v383.4C0 465.5 14.3 480 31.9 480H416c17.6 0 32-14.5 32-32.3V64.3c0-17.8-14.4-32.3-32-32.3zM135.4 416H69V202.2h66.5V416zm-33.2-243c-21.3 0-38.5-17.3-38.5-38.5S80.9 96 102.2 96c21.2 0 38.5 17.3 38.5 38.5 0 21.3-17.2 38.5-38.5 38.5zm282.1 243h-66.4V312c0-24.8-.5-56.7-34.5-56.7-34.6 0-39.9 27-39.9 54.9V416h-66.4V202.2h63.7v29.2h.9c8.9-16.8 30.6-34.5 62.9-34.5 67.2 0 79.7 44.3 79.7 101.9V416z\"><\/path><\/svg>\t\t\t\t\t<\/a>\n\t\t\t\t<\/span>\n\t\t\t\t\t<\/div>\n\t\t\t\t\t\t<\/div>\n\t\t\t\t<div class=\"elementor-element elementor-element-0463012 elementor-widget elementor-widget-text-editor\" data-id=\"0463012\" data-element_type=\"widget\" data-e-type=\"widget\" data-widget_type=\"text-editor.default\">\n\t\t\t\t\t\t\t\t\t<p class=\"x_MsoNormal\"><span lang=\"EN-US\" data-olk-copy-source=\"MessageBody\">Cher Agriculteur,<\/span><\/p><p class=\"x_MsoNormal\"><span lang=\"EN-US\"> <\/span><\/p><p class=\"x_MsoNormal\"><span lang=\"EN-US\">J&rsquo;esp\u00e8re que ce message vous trouve en bonne sant\u00e9 et que vos cultures prosp\u00e8rent vigoureusement. Aujourd&rsquo;hui, je m&rsquo;adresse \u00e0 vous pour partager un nouveau chapitre profond\u00e9ment personnel et passionnant \u2014 un chapitre qui refl\u00e8te non seulement ma passion pour l&rsquo;agriculture durable, mais aussi un profond respect pour le travail remarquable que vous accomplissez quotidiennement. <\/span><\/p><p class=\"x_MsoNormal\"><span lang=\"EN-US\"> <\/span><\/p><p class=\"x_MsoNormal\"><span lang=\"EN-US\" data-olk-copy-source=\"MessageBody\">Apr\u00e8s plus de 25 ans en tant qu&rsquo;<b>acteur pur dans le domaine du biocontr\u00f4le<\/b>, j&rsquo;ai pris la d\u00e9cision de lancer <b>VEGANIC\u00ae<\/b> \u2014 une entreprise n\u00e9e non par n\u00e9cessit\u00e9, mais par vocation. Il s&rsquo;agit d&rsquo;un projet fond\u00e9 sur la gratitude : envers les personnes qui ont parcouru ce chemin \u00e0 mes c\u00f4t\u00e9s, envers la terre qui nous nourrit, et surtout, envers vous \u2014 les agriculteurs qui cultivez la vie \u00e0 partir du sol. <\/span><\/p><p class=\"x_MsoNormal\"><span lang=\"EN-US\"> <\/span><\/p><p class=\"x_MsoNormal\"><span lang=\"EN-US\">VEGANIC\u00ae est bien plus qu&rsquo;une simple entreprise. C&rsquo;est un mouvement ancr\u00e9 dans la science, l&rsquo;int\u00e9grit\u00e9 et le respect de la nature. Nous d\u00e9veloppons et fournissons des <b>biosolutions innovantes bas\u00e9es sur des extraits v\u00e9g\u00e9taux et des micro-organismes<\/b> \u2014 100% naturelles, v\u00e9ganes, sans cruaut\u00e9, et conformes aux normes \u00e9cologiques les plus rigoureuses. Notre objectif est de vous doter d&rsquo;outils non seulement efficaces, mais aussi \u00e9thiques et durables.   <\/span><\/p><p class=\"x_MsoNormal\"><span lang=\"EN-US\"> <\/span><\/p><p class=\"x_MsoNormal\"><span lang=\"EN-US\">Apr\u00e8s plus de deux d\u00e9cennies, <b>\u00eatre simplement biologique n&rsquo;est plus suffisant<\/b>. Cela ne nous distingue plus. Aujourd&rsquo;hui, l&rsquo;agriculture exige davantage \u2014 tout comme la plan\u00e8te. Nous devons aller plus loin en adoptant une approche consciente qui <b>inclut des valeurs telles que l&rsquo;absence de cruaut\u00e9, le v\u00e9ganisme et l&rsquo;agriculture consciente<\/b>. La nature nous parle, demandant plus : plus de respect, plus de compassion, plus d&rsquo;alignement avec les valeurs d&rsquo;une nouvelle g\u00e9n\u00e9ration.     <b>Plus \u00e9thique. Plus v\u00e9gane. Plus responsable. Il est temps d&rsquo;\u00e9couter \u2014 et d&rsquo;agir.   <\/b><\/span><\/p><p class=\"x_MsoNormal\"><span lang=\"EN-US\"> <\/span><\/p><p class=\"x_MsoNormal\"><span lang=\"EN-US\">Mais par-dessus tout, <b>VEGANIC\u00ae est un hommage \u00e0 votre profession<\/b>. Nous croyons que le moment est venu de revaloriser le r\u00f4le de l&rsquo;agriculteur \u2014 non seulement en tant que producteur alimentaire, mais aussi en tant que gardien de la biodiversit\u00e9, intendant de l&rsquo;environnement et figure cl\u00e9 dans la construction d&rsquo;un avenir plus juste et plus r\u00e9silient. <\/span><\/p><p class=\"x_MsoNormal\"><span lang=\"EN-US\"> <\/span><\/p><p class=\"x_MsoNormal\"><span lang=\"EN-US\">Notre mod\u00e8le d&rsquo;int\u00e9gration verticale nous permet de contr\u00f4ler chaque \u00e9tape : de la R et de la formulation \u00e0 la production, au soutien sur le terrain et \u00e0 l&rsquo;\u00e9ducation. Cela signifie une plus grande efficacit\u00e9, transparence et des solutions sur mesure adapt\u00e9es \u00e0 vos besoins uniques. Nous sommes l\u00e0 pour \u00e9couter, soutenir et cheminer \u00e0 vos c\u00f4t\u00e9s \u2014 car nous comprenons que votre succ\u00e8s est le fondement de tout ce que nous entreprenons.  <\/span><\/p><p class=\"x_MsoNormal\"><span lang=\"EN-US\"> <\/span><\/p><p class=\"x_MsoNormal\"><span lang=\"EN-US\">Chez VEGANIC\u00ae, nous nous engageons \u00e0 rendre votre travail plus facile, plus rentable et plus respect\u00e9. Nous croyons en un avenir o\u00f9 l&rsquo;agriculture n&rsquo;est pas seulement durable, mais admir\u00e9e. O\u00f9 le monde rural n&rsquo;est pas abandonn\u00e9, mais revitalis\u00e9. Et o\u00f9 l&rsquo;innovation va de pair avec la tradition.   <\/span><\/p><p class=\"x_MsoNormal\"><span lang=\"EN-US\"> <\/span><\/p><p class=\"x_MsoNormal\"><span lang=\"EN-US\">Merci de faire partie de cette mission partag\u00e9e. Merci de continuer \u00e0 croire en une meilleure fa\u00e7on de cultiver. Nous sommes honor\u00e9s de travailler avec vous et enthousiastes quant \u00e0 ce que nous pouvons accomplir ensemble.  <\/span><\/p><p class=\"x_MsoNormal\"><span lang=\"EN-US\"> <\/span><\/p><p class=\"x_MsoNormal\"><span lang=\"EN-US\">Avec respect et d\u00e9termination,<\/span><\/p><p class=\"x_MsoNormal\"><b><span lang=\"EN-US\"> <\/span><\/b><\/p><p class=\"x_MsoNormal\"><b><span lang=\"EN-US\">Carlos Led\u00f3 Orriach<\/span><\/b><span lang=\"EN-US\"><br>Fondateur et PDG<br><b>VEGANIC\u00ae<\/b><\/span><\/p>\t\t\t\t\t\t\t\t<\/div>\n\t\t\t\t<\/div>\n\t\t\t\t\t<\/div>\n\t\t\t\t<\/div>\n\t\t<div data-particle_enable=\"false\" data-particle-mobile-disabled=\"false\" class=\"elementor-element elementor-element-3df7e808 e-con-full e-flex e-con e-parent\" data-id=\"3df7e808\" data-element_type=\"container\" data-e-type=\"container\" data-settings=\"{&quot;background_background&quot;:&quot;classic&quot;}\">\n\t\t\t\t<div class=\"elementor-element elementor-element-c1a155 elementor-widget elementor-widget-heading\" data-id=\"c1a155\" data-element_type=\"widget\" data-e-type=\"widget\" data-widget_type=\"heading.default\">\n\t\t\t\t\t<h2 class=\"elementor-heading-title elementor-size-default\">Carlos led\u00f3 \u2013 Biographie ex\u00e9cutive<\/h2>\t\t\t\t<\/div>\n\t\t\t\t<\/div>\n\t\t<div data-particle_enable=\"false\" data-particle-mobile-disabled=\"false\" class=\"elementor-element elementor-element-48809397 e-con-full e-flex e-con e-parent\" data-id=\"48809397\" data-element_type=\"container\" data-e-type=\"container\" data-settings=\"{&quot;background_background&quot;:&quot;classic&quot;}\">\n\t\t\t\t<div class=\"elementor-element elementor-element-1e5165f3 elementor-widget elementor-widget-image\" data-id=\"1e5165f3\" data-element_type=\"widget\" data-e-type=\"widget\" data-widget_type=\"image.default\">\n\t\t\t\t\t\t\t\t\t\t\t\t\t\t\t<img decoding=\"async\" width=\"2560\" height=\"618\" src=\"https:\/\/veganic.bio\/wp-content\/uploads\/2025\/05\/cabecera-scaled-1.jpg\" class=\"attachment-full size-full wp-image-20866\" alt=\"\" srcset=\"https:\/\/veganic.bio\/wp-content\/uploads\/2025\/05\/cabecera-scaled-1.jpg 2560w, https:\/\/veganic.bio\/wp-content\/uploads\/2025\/05\/cabecera-scaled-1-1024x247.jpg 1024w, https:\/\/veganic.bio\/wp-content\/uploads\/2025\/05\/cabecera-scaled-1-768x185.jpg 768w, https:\/\/veganic.bio\/wp-content\/uploads\/2025\/05\/cabecera-scaled-1-1536x371.jpg 1536w, https:\/\/veganic.bio\/wp-content\/uploads\/2025\/05\/cabecera-scaled-1-2048x494.jpg 2048w, https:\/\/veganic.bio\/wp-content\/uploads\/2025\/05\/cabecera-scaled-1-600x145.jpg 600w\" sizes=\"(max-width: 2560px) 100vw, 2560px\" \/>\t\t\t\t\t\t\t\t\t\t\t\t\t\t\t<\/div>\n\t\t\t\t<\/div>\n\t\t<div data-particle_enable=\"false\" data-particle-mobile-disabled=\"false\" class=\"elementor-element elementor-element-60ddfdce e-flex e-con-boxed e-con e-parent\" data-id=\"60ddfdce\" data-element_type=\"container\" data-e-type=\"container\" data-settings=\"{&quot;background_background&quot;:&quot;classic&quot;}\">\n\t\t\t\t\t<div class=\"e-con-inner\">\n\t\t\t\t<div class=\"elementor-element elementor-element-5413369c elementor-widget elementor-widget-text-editor\" data-id=\"5413369c\" data-element_type=\"widget\" data-e-type=\"widget\" data-widget_type=\"text-editor.default\">\n\t\t\t\t\t\t\t\t\t<p>Carlos Led\u00f3 est un <b>entrepreneur visionnaire et leader mondial de l&rsquo;agriculture durable<\/b>, avec une carri\u00e8re d\u00e9finie par le sens, l&rsquo;innovation et la revalorisation du secteur agricole. C&rsquo;est un <b>entrepreneur en s\u00e9rie<\/b> qui a fond\u00e9 <b>22 entreprises<\/b> dans divers secteurs et pays. Son parcours entrepreneurial a d\u00e9but\u00e9 alors qu&rsquo;il \u00e9tait encore \u00e9tudiant, vivant chez ses parents. Sa venture la plus reconnue est <b>Idai Nature<\/b>, une entreprise qu&rsquo;il a fond\u00e9e en <b>2009<\/b> et qui a r\u00e9volutionn\u00e9 le march\u00e9 du biocontr\u00f4le gr\u00e2ce \u00e0 des solutions agricoles naturelles.   <\/p>\t\t\t\t\t\t\t\t<\/div>\n\t\t\t\t\t<\/div>\n\t\t\t\t<\/div>\n\t\t<div data-particle_enable=\"false\" data-particle-mobile-disabled=\"false\" class=\"elementor-element elementor-element-9fb79cf e-flex e-con-boxed e-con e-parent\" data-id=\"9fb79cf\" data-element_type=\"container\" data-e-type=\"container\" data-settings=\"{&quot;background_background&quot;:&quot;classic&quot;}\">\n\t\t\t\t\t<div class=\"e-con-inner\">\n\t\t<div data-particle_enable=\"false\" data-particle-mobile-disabled=\"false\" class=\"elementor-element elementor-element-27236fa e-con-full e-flex e-con e-child\" data-id=\"27236fa\" data-element_type=\"container\" data-e-type=\"container\">\n\t\t<div data-particle_enable=\"false\" data-particle-mobile-disabled=\"false\" class=\"elementor-element elementor-element-f2eedc3 e-con-full e-flex e-con e-child\" data-id=\"f2eedc3\" data-element_type=\"container\" data-e-type=\"container\" data-settings=\"{&quot;background_background&quot;:&quot;classic&quot;}\">\n\t\t\t\t<div class=\"elementor-element elementor-element-a28435c elementor-widget elementor-widget-text-editor\" data-id=\"a28435c\" data-element_type=\"widget\" data-e-type=\"widget\" data-widget_type=\"text-editor.default\">\n\t\t\t\t\t\t\t\t\t<p class=\"x_MsoNormal\"><span lang=\"EN-US\" data-olk-copy-source=\"MessageBody\">Carlos Led\u00f3 est un <b>entrepreneur visionnaire et leader mondial de l&rsquo;agriculture durable<\/b>, avec une carri\u00e8re d\u00e9finie par le sens, l&rsquo;innovation et la revalorisation du secteur agricole. C&rsquo;est un <b>entrepreneur en s\u00e9rie<\/b> qui a fond\u00e9 <b>22 entreprises<\/b> dans divers secteurs et pays. Son parcours entrepreneurial a d\u00e9but\u00e9 alors qu&rsquo;il \u00e9tait encore \u00e9tudiant, vivant chez ses parents. Sa venture la plus reconnue est <b>Idai Nature<\/b>, une entreprise qu&rsquo;il a fond\u00e9e en <b>2009<\/b> et qui a r\u00e9volutionn\u00e9 le march\u00e9 du biocontr\u00f4le gr\u00e2ce \u00e0 des solutions agricoles naturelles.   <\/span><\/p><p class=\"x_MsoNormal\"><span lang=\"EN-US\"> <\/span><\/p><p class=\"x_MsoNormal\"><span lang=\"EN-US\">En <b>2018<\/b>, Carlos a int\u00e9gr\u00e9 Idai Nature dans un groupe d&rsquo;entreprises soutenu par un fonds de capital-investissement. Il a poursuivi dans un r\u00f4le de leadership en tant que <b>Directeur des Op\u00e9rations de l&rsquo;Unit\u00e9 d&rsquo;Affaires Biocontr\u00f4le<\/b> du nouvellement form\u00e9 <b>Groupe Rovensa<\/b>, avec pour mission de construire et de d\u00e9velopper cette division \u00e0 l&rsquo;\u00e9chelle mondiale. <\/span><\/p><p class=\"x_MsoNormal\"><span lang=\"EN-US\">Sous sa direction strat\u00e9gique et avec le soutien de son \u00e9quipe, l&rsquo;unit\u00e9 d&rsquo;affaires s&rsquo;est \u00e9tendue pour op\u00e9rer dans plus de <b>90 pays<\/b> et, en l&rsquo;espace de cinq ans, est devenue le <b>leader mondial des ventes en biocontr\u00f4le<\/b>, comme rapport\u00e9 dans le <b>Rapport Dunham Trimmer 2023<\/b>. Cette \u00e9tape marquante a \u00e9t\u00e9 soulign\u00e9e par son r\u00f4le cl\u00e9 dans le lancement mondial de la marque <b>Rovensa Next<\/b> lors de <b>Fruit Logistica 2023<\/b> \u00e0 Berlin. <\/span><\/p><p class=\"x_MsoNormal\"><span lang=\"EN-US\"> <\/span><\/p><p class=\"x_MsoNormal\"><span lang=\"EN-US\">Apr\u00e8s avoir men\u00e9 \u00e0 bien la mission qui lui a \u00e9t\u00e9 confi\u00e9e, Carlos s&rsquo;est retir\u00e9 de son r\u00f4le ex\u00e9cutif et, de <b>f\u00e9vrier 2023 \u00e0 f\u00e9vrier 2024<\/b>, a occup\u00e9 les fonctions d&rsquo;<b>Ambassadeur de la marque Rovensa Next<\/b> et de <b>Conseiller strat\u00e9gique aupr\u00e8s du PDG du Groupe Rovensa<\/b>, tout en pr\u00e9parant un nouveau chapitre entrepreneurial.<\/span><\/p><p class=\"x_MsoNormal\"><span lang=\"EN-US\"> <\/span><\/p><p class=\"x_MsoNormal\"><span lang=\"EN-US\">En <b>mars 2024<\/b>, il a lanc\u00e9 <b>VEGANIC\u00ae<\/b>, une entreprise ax\u00e9e sur un objectif pr\u00e9cis, focalis\u00e9e sur le d\u00e9veloppement et la commercialisation de <b>biosolutions 100 % v\u00e9g\u00e9tales et sans cruaut\u00e9<\/b> \u00e0 base d&rsquo;extraits de plantes et de micro-organismes. Son objectif : construire <b>une licorne mondiale dans le domaine du biocontr\u00f4le<\/b> en cinq ans et mener la transformation de l&rsquo;agriculture vers un mod\u00e8le plus \u00e9thique, r\u00e9g\u00e9n\u00e9rateur et durable. Pour Carlos, VEGANIC\u00ae n&rsquo;est pas seulement une entreprise, c&rsquo;est son h\u00e9ritage le plus personnel et le plus ambitieux. Sous sa direction, <b>VEGANIC\u00ae<\/b> devient rapidement une <b>r\u00e9f\u00e9rence mondiale en mati\u00e8re d&rsquo;agriculture respectueuse et fond\u00e9e sur la science<\/b>, aidant les agriculteurs \u00e0 adopter des pratiques plus durables, rentables et p\u00e9rennes. En <b>mai 2025<\/b>, VEGANIC\u00ae s&rsquo;est vu d\u00e9cerner le prestigieux <b>Prix Emprende XXI<\/b>, attribu\u00e9 par <b>La Caixa<\/b> et <b>ENISA<\/b>, le reconnaissant comme l&rsquo;une des start-ups les plus innovantes et \u00e0 fort impact en Espagne. Cette r\u00e9compense souligne le potentiel disruptif de l&rsquo;entreprise, son engagement envers la durabilit\u00e9 et son r\u00f4le dans <b>la d\u00e9finition de l&rsquo;avenir de l&rsquo;agriculture<\/b> par le biais de l&rsquo;innovation biotechnologique.     <\/span><\/p>\t\t\t\t\t\t\t\t<\/div>\n\t\t\t\t<\/div>\n\t\t<div data-particle_enable=\"false\" data-particle-mobile-disabled=\"false\" class=\"elementor-element elementor-element-5a2ffd0 e-con-full e-flex e-con e-child\" data-id=\"5a2ffd0\" data-element_type=\"container\" data-e-type=\"container\" data-settings=\"{&quot;background_background&quot;:&quot;classic&quot;}\">\n\t\t\t\t<div class=\"elementor-element elementor-element-862fd94 elementor-widget elementor-widget-text-editor\" data-id=\"862fd94\" data-element_type=\"widget\" data-e-type=\"widget\" data-widget_type=\"text-editor.default\">\n\t\t\t\t\t\t\t\t\t<p class=\"x_MsoNormal\"><span lang=\"EN-US\">Carlos est titulaire de plusieurs dipl\u00f4mes universitaires avanc\u00e9s, notamment un <b>MBA ex\u00e9cutif<\/b> de l&rsquo;ESIC, le <b>Programme de d\u00e9veloppement de l&rsquo;entrepreneuriat (EDP)<\/b> du <b>Massachusetts Institute of Technology (MIT)<\/b> \u00e0 Boston, et des programmes ex\u00e9cutifs de l&rsquo;<b>ESADE<\/b>, de l&rsquo;<b>IE Business School<\/b>, et du <b>Programme 15&#215;15 \u00e0 l&rsquo;EDEM<\/b>. Il a \u00e9t\u00e9 nomm\u00e9 premier <b>Ancien \u00e9l\u00e8ve distingu\u00e9<\/b> par le Recteur de l&rsquo;<b>Universit\u00e9 Polytechnique de Valence (UPV)<\/b>, o\u00f9 il a \u00e9galement occup\u00e9 le poste de <b>Pr\u00e9sident d&rsquo;Alumni UPV<\/b>, repr\u00e9sentant plus de 60 000 anciens \u00e9l\u00e8ves. <\/span><\/p><p class=\"x_MsoNormal\"><span lang=\"EN-US\"> <\/span><\/p><p class=\"x_MsoNormal\"><span lang=\"EN-US\">De 2018 \u00e0 2021, il a \u00e9galement \u00e9t\u00e9 <b>Pr\u00e9sident de BIOVAL<\/b>, l&rsquo;Association des entreprises biotechnologiques de la Communaut\u00e9 valencienne, o\u00f9 il a fond\u00e9 le <b>Gala annuel de la Nuit de la Biotechnologie<\/b>, devenu un \u00e9v\u00e9nement cl\u00e9 dans l&rsquo;\u00e9cosyst\u00e8me r\u00e9gional de l&rsquo;innovation. Carlos est \u00e9galement un \u00e9ducateur et un orateur respect\u00e9. Il a enseign\u00e9 dans divers programmes de MBA et de troisi\u00e8me cycle, notamment \u00e0 l&rsquo;<b>Universit\u00e9 ESIC<\/b> et \u00e0 l&rsquo;<b>EDEM<\/b>, sur des sujets li\u00e9s \u00e0 l&rsquo;innovation et au leadership strat\u00e9gique. En 2016, il a re\u00e7u le <b>Prix de la meilleure masterclass<\/b> du programme Executive MBA de l&rsquo;UPV.   <\/span><\/p><p class=\"x_MsoNormal\"><span lang=\"EN-US\">Il a re\u00e7u la reconnaissance de leaders et d&rsquo;institutions mondiales tels que <b>Steve Wozniak<\/b> (cofondateur d&rsquo;Apple), <b>Barack Obama<\/b>, <b>la Reine Letizia d&rsquo;Espagne<\/b>, <b>Ana Bot\u00edn<\/b> (Pr\u00e9sidente de Banco Santander), le <b>Pr\u00e9sident du Gouvernement espagnol<\/b>, et la <b>Commission europ\u00e9enne<\/b>.<\/span><\/p><p class=\"x_MsoNormal\"><span lang=\"EN-US\"> <\/span><\/p><p class=\"x_MsoNormal\"><span lang=\"EN-US\">Depuis <b>d\u00e9cembre 2023<\/b>, il a \u00e9galement \u00e9t\u00e9 reconnu comme <b>Top Voice en Recherche  Innovation<\/b> par <b>LinkedIn<\/b>, o\u00f9 il partage r\u00e9guli\u00e8rement ses r\u00e9flexions sur l&rsquo;entrepreneuriat, la durabilit\u00e9 agricole et l&rsquo;avenir du biocontr\u00f4le.<\/span><\/p><p class=\"x_MsoNormal\"><span lang=\"EN-US\"> <\/span><\/p><p class=\"x_MsoNormal\"><span lang=\"EN-US\">En <b>2025<\/b>, Carlos a \u00e9t\u00e9 nomm\u00e9 <b>Finaliste pour les Visionary Awards par Agribusiness<\/b>, une prestigieuse distinction internationale qui c\u00e9l\u00e8bre les leaders transformant l&rsquo;avenir de l&rsquo;agriculture et des syst\u00e8mes alimentaires. En reconnaissance de son travail novateur dans la biotechnologie verte et l&rsquo;\u00e9conomie circulaire, il a \u00e9t\u00e9 nomm\u00e9 <b><i>Finaliste pour les Visionary Awards en Agribusiness<\/i> en 2025<\/b>, une distinction internationale qui met en lumi\u00e8re le leadership transformateur dans le syst\u00e8me alimentaire et agricole mondial. <\/span><\/p><p class=\"x_MsoNormal\"><span lang=\"EN-US\"> <\/span><\/p><p class=\"x_MsoNormal\"><span lang=\"EN-US\">Carlos Led\u00f3 ne se contente pas de cr\u00e9er des entreprises, il contribue \u00e0 <b>red\u00e9finir l&rsquo;avenir de l&rsquo;agriculture<\/b> : une agriculture qui place <b>les agriculteurs au centre<\/b>, respecte la <b>nature<\/b>, et restaure la <b>valeur<\/b> dans l&rsquo;ensemble de la cha\u00eene alimentaire. <b>Sa mission est claire : l\u00e9guer un monde meilleur aux g\u00e9n\u00e9rations futures<\/b> tout en cr\u00e9ant un impact avec int\u00e9grit\u00e9, en inspirant la prochaine g\u00e9n\u00e9ration, et en veillant \u00e0 ce que l&rsquo;innovation soit toujours au service des personnes et de la plan\u00e8te.<\/span><\/p>\t\t\t\t\t\t\t\t<\/div>\n\t\t\t\t<\/div>\n\t\t\t\t<\/div>\n\t\t<div data-particle_enable=\"false\" data-particle-mobile-disabled=\"false\" class=\"elementor-element elementor-element-affa152 e-con-full e-flex e-con e-child\" data-id=\"affa152\" data-element_type=\"container\" data-e-type=\"container\">\n\t\t\t\t<div class=\"elementor-element elementor-element-f634c3d elementor-widget elementor-widget-image\" data-id=\"f634c3d\" data-element_type=\"widget\" data-e-type=\"widget\" data-widget_type=\"image.default\">\n\t\t\t\t\t\t\t\t\t\t\t\t\t\t\t<img decoding=\"async\" width=\"1843\" height=\"2480\" src=\"https:\/\/veganic.bio\/wp-content\/uploads\/2025\/05\/Mosaico-OK-scaled-1-e1747990940220.jpg\" class=\"attachment-full size-full wp-image-20870\" alt=\"\" srcset=\"https:\/\/veganic.bio\/wp-content\/uploads\/2025\/05\/Mosaico-OK-scaled-1-e1747990940220.jpg 1843w, https:\/\/veganic.bio\/wp-content\/uploads\/2025\/05\/Mosaico-OK-scaled-1-e1747990940220-761x1024.jpg 761w, https:\/\/veganic.bio\/wp-content\/uploads\/2025\/05\/Mosaico-OK-scaled-1-e1747990940220-768x1033.jpg 768w, https:\/\/veganic.bio\/wp-content\/uploads\/2025\/05\/Mosaico-OK-scaled-1-e1747990940220-1141x1536.jpg 1141w, https:\/\/veganic.bio\/wp-content\/uploads\/2025\/05\/Mosaico-OK-scaled-1-e1747990940220-1522x2048.jpg 1522w, https:\/\/veganic.bio\/wp-content\/uploads\/2025\/05\/Mosaico-OK-scaled-1-e1747990940220-600x807.jpg 600w\" sizes=\"(max-width: 1843px) 100vw, 1843px\" \/>\t\t\t\t\t\t\t\t\t\t\t\t\t\t\t<\/div>\n\t\t\t\t<\/div>\n\t\t\t\t\t<\/div>\n\t\t\t\t<\/div>\n\t\t<div data-particle_enable=\"false\" data-particle-mobile-disabled=\"false\" class=\"elementor-element elementor-element-4370ea2c e-flex e-con-boxed e-con e-parent\" data-id=\"4370ea2c\" data-element_type=\"container\" data-e-type=\"container\" data-settings=\"{&quot;background_background&quot;:&quot;gradient&quot;}\">\n\t\t\t\t\t<div class=\"e-con-inner\">\n\t\t<div data-particle_enable=\"false\" data-particle-mobile-disabled=\"false\" class=\"elementor-element elementor-element-20ad21df e-con-full e-flex e-con e-child\" data-id=\"20ad21df\" data-element_type=\"container\" data-e-type=\"container\" data-settings=\"{&quot;background_background&quot;:&quot;classic&quot;}\">\n\t\t\t\t<div class=\"elementor-element elementor-element-138f18b4 elementor-widget elementor-widget-text-editor\" data-id=\"138f18b4\" data-element_type=\"widget\" data-e-type=\"widget\" data-widget_type=\"text-editor.default\">\n\t\t\t\t\t\t\t\t\t<h3 data-start=\"203\" data-end=\"232\"><span style=\"color: #000000;\"><strong data-start=\"207\" data-end=\"232\">HONNEURS  RECONNAISSANCES<\/strong><\/span><\/h3><p class=\"x_MsoNormal\"><span lang=\"EN-US\" data-olk-copy-source=\"MessageBody\">Tout au long de sa carri\u00e8re professionnelle, Carlos Led\u00f3 a re\u00e7u de nombreux prix, honneurs et reconnaissances qui refl\u00e8tent son leadership, son innovation et son engagement envers une agriculture durable :<\/span><\/p><p class=\"x_MsoNormal\"><span lang=\"EN-US\"> <\/span><\/p><ul type=\"disc\"><li class=\"x_MsoNormal\"><b><span lang=\"EN-US\">Prix national PME<\/span><\/b><span lang=\"EN-US\">, remis par Sa Majest\u00e9 le Roi Felipe VI d\u2019Espagne \u2013 <b>2014<\/b><\/span><\/li><li class=\"x_MsoNormal\"><b><span lang=\"EN-US\">Prix Aster du meilleur entrepreneur<\/span><\/b><span lang=\"EN-US\">, Communaut\u00e9 valencienne \u2013 <b>2014<\/b><\/span><\/li><li class=\"x_MsoNormal\"><b><span lang=\"EN-US\">Pan\u00e9liste avec Steve Wozniak<\/span><\/b><span lang=\"EN-US\">, cofondateur d\u2019Apple, au Mexique \u2013 <b>2014<\/b><\/span><\/li><li class=\"x_MsoNormal\"><b><span lang=\"EN-US\">Meilleure masterclass<\/span><\/b><span lang=\"EN-US\">, Executive MBA, Universit\u00e9 polytechnique de Valence \u2013 <b>2016<\/b><\/span><\/li><li class=\"x_MsoNormal\"><b><span lang=\"EN-US\">Premier ancien \u00e9l\u00e8ve distingu\u00e9<\/span><\/b><span lang=\"EN-US\">, Universit\u00e9 polytechnique de Valence \u2013 <b>2016<\/b><\/span><\/li><li class=\"x_MsoNormal\"><b><span lang=\"EN-US\">Invit\u00e9 personnel<\/span><\/b><span lang=\"EN-US\"> \u00e0 une table ronde priv\u00e9e avec l\u2019ancien pr\u00e9sident des \u00c9tats-Unis <b>Barack Obama<\/b> \u2013 <b>2016<\/b><\/span><\/li><li class=\"x_MsoNormal\"><b><span lang=\"EN-US\">Prix Aster du meilleur entrepreneur national<\/span><\/b><span lang=\"EN-US\"> \u2013 <b>2017<\/b><\/span><\/li><li class=\"x_MsoNormal\"><b><span lang=\"EN-US\">Audience priv\u00e9e<\/span><\/b><span lang=\"EN-US\"> au palais de la Zarzuela avec <b>Sa Majest\u00e9 la Reine Letizia d\u2019Espagne<\/b> \u2013 <b>2017<\/b><\/span><\/li><li class=\"x_MsoNormal\"><b><span lang=\"EN-US\">B\u00e9n\u00e9diction apostolique<\/span><\/b><span lang=\"EN-US\"> de <b>Sa Saintet\u00e9 le Pape Fran\u00e7ois<\/b> \u2013 <b>2018<\/b><\/span><\/li><li class=\"x_MsoNormal\"><b><span lang=\"EN-US\">Reconnaissance sp\u00e9ciale<\/span><\/b><span lang=\"EN-US\"> par <b>Ana Patricia Bot\u00edn<\/b>, pr\u00e9sidente de Banco Santander, en tant qu\u2019entrepreneur de premier plan \u2013 <b>2018<\/b><\/span><\/li><li class=\"x_MsoNormal\"><b><span lang=\"EN-US\">Prix AAA<\/span><\/b><span lang=\"EN-US\">, EDEM Business School (fond\u00e9e par Juan Roig) \u2013 <b>2019<\/b><\/span><\/li><li class=\"x_MsoNormal\"><b><span lang=\"EN-US\">Pr\u00e9sident de Bioval<\/span><\/b><span lang=\"EN-US\"> (Association des entreprises de biotechnologie de la Communaut\u00e9 valencienne) \u2013 <b>2018\u20132021<\/b><\/span><\/li><li class=\"x_MsoNormal\"><b><span lang=\"EN-US\">Prix d\u2019excellence professionnelle en RD<\/span><\/b><span lang=\"EN-US\">, Association des coll\u00e8ges professionnels \u2013 <b>2019<\/b><\/span><\/li><li class=\"x_MsoNormal\"><b><span lang=\"EN-US\">Membre du jury<\/span><\/b><span lang=\"EN-US\">, Prix Aster, ESIC University \u2013 <b>2019\u2013Pr\u00e9sent<\/b><\/span><\/li><li class=\"x_MsoNormal\"><b><span lang=\"EN-US\">Membre du conseil consultatif<\/span><\/b><span lang=\"EN-US\">, \u00c9cole d\u2019ing\u00e9nierie agricole, Universit\u00e9 polytechnique de Valence \u2013 <b>2020\u2013Pr\u00e9sent<\/b><\/span><\/li><li class=\"x_MsoNormal\"><b>Pr\u00e9sident<\/b>, Alumni UPV \u2013 <b>2021\u2013Pr\u00e9sent<\/b><\/li><li class=\"x_MsoNormal\"><b><span lang=\"EN-US\">Parrain de la promotion<\/span><\/b><span lang=\"EN-US\">, ESIC University Business School \u2013 <b>2022<\/b><\/span><\/li><li class=\"x_MsoNormal\"><b>Ambassadeur<\/b>, promotion EMBA de l&rsquo;Universit\u00e9 ESIC \u2013 <b>2022<\/b><\/li><li class=\"x_MsoNormal\"><b><span lang=\"EN-US\">Membre du jury<\/span><\/b><span lang=\"EN-US\">, Prix Revoluciona de BBVA et de l\u2019Universit\u00e9 de Valence \u2013 <b>2022\u2013Pr\u00e9sent<\/b><\/span><\/li><li class=\"x_MsoNormal\"><b><span lang=\"EN-US\">Meilleure voix sur la recherche et l\u2019innovation<\/span><\/b><span lang=\"EN-US\">, LinkedIn \u2013 <b>D\u00e9cembre&nbsp;2023\u2013Pr\u00e9sent<\/b><\/span><\/li><li class=\"x_MsoNormal\"><b><span lang=\"EN-US\">Membre du conseil d\u2019administration<\/span><\/b><span lang=\"EN-US\">, Conseil social, Universit\u00e9 de Valence \u2013 <b>2024\u2013Pr\u00e9sent<\/b><\/span><\/li><li class=\"x_MsoNormal\"><b><span lang=\"EN-US\">Conf\u00e9rencier principal<\/span><\/b><span lang=\"EN-US\">, R\u00e9union annuelle de l\u2019Association latino-am\u00e9ricaine des associations de l\u2019industrie agrochimique (ALINA), Miami \u2013 <b>Mars&nbsp;2024<\/b><\/span><\/li><li class=\"x_MsoNormal\"><b><span lang=\"EN-US\">Finaliste<\/span><\/b><span lang=\"EN-US\">, <b>Prix Visionnaires pour l\u2019innovation agroalimentaire<\/b> \u2013 <b>2025<\/b><\/span><\/li><li class=\"x_MsoNormal\"><b><span lang=\"EN-US\">Laur\u00e9at<\/span><\/b><span lang=\"EN-US\">, <b>Premio Emprende XXI<\/b> par <b>La Caixa<\/b> et <b>ENISA<\/b>, reconnaissant VEGANIC\u00ae comme l\u2019une des startups les plus influentes d\u2019Espagne \u2013 <b>Mai&nbsp;2025<\/b><\/span><\/li><\/ul>\t\t\t\t\t\t\t\t<\/div>\n\t\t\t\t<\/div>\n\t\t<div data-particle_enable=\"false\" data-particle-mobile-disabled=\"false\" class=\"elementor-element elementor-element-51371f43 e-con-full e-flex e-con e-child\" data-id=\"51371f43\" data-element_type=\"container\" data-e-type=\"container\" data-settings=\"{&quot;background_background&quot;:&quot;classic&quot;}\">\n\t\t\t\t<div class=\"elementor-element elementor-element-54484488 elementor-widget elementor-widget-text-editor\" data-id=\"54484488\" data-element_type=\"widget\" data-e-type=\"widget\" data-widget_type=\"text-editor.default\">\n\t\t\t\t\t\t\t\t\t<h3><strong><span style=\"color: #000000;\">COMMUNICATIONS<\/span><\/strong><\/h3><p class=\"x_MsoNormal\"><span lang=\"EN-US\" data-olk-copy-source=\"MessageBody\">Carlos Led\u00f3 a \u00e9t\u00e9 largement mentionn\u00e9 dans les m\u00e9dias nationaux et internationaux pour son leadership en mati\u00e8re d&rsquo;innovation agricole, de durabilit\u00e9 et de biotechnologie. Ci-dessous figurent certaines de ses apparitions les plus pertinentes : <\/span><\/p><p class=\"x_MsoNormal\"><span lang=\"EN-US\"> <\/span><\/p><p class=\"x_MsoNormal\"><b><span lang=\"EN-US\">Agribusiness global, Rapport sp\u00e9cial \u2013 Mars 2025<\/span><\/b><\/p><p class=\"x_MsoNormal\"><span lang=\"EN-US\">Mis en avant comme l&rsquo;un des leaders visionnaires de l&rsquo;agro-industrie pour 2025, Led\u00f3 a \u00e9t\u00e9 reconnu pour son approche innovante du biocontr\u00f4le et son engagement envers des pratiques agricoles durables.<\/span><\/p><p class=\"x_MsoNormal\"><b><span lang=\"EN-US\"> <\/span><\/b><\/p><p class=\"x_MsoNormal\"><b><span lang=\"EN-US\">BAW Digest, Entretien approfondi \u2013 Juin 2024  Juin 2025<\/span><\/b><\/p><p class=\"x_MsoNormal\"><span lang=\"EN-US\">Dans cet entretien, Led\u00f3 a discut\u00e9 des d\u00e9fis et des opportunit\u00e9s de l&rsquo;agriculture moderne, soulignant l&rsquo;importance des solutions v\u00e9ganes et sans cruaut\u00e9 dans le biocontr\u00f4le.<\/span><\/p><p class=\"x_MsoNormal\"><b><span lang=\"EN-US\"> <\/span><\/b><\/p><p class=\"x_MsoNormal\"><b><span lang=\"EN-US\">Econom\u00eda 3, couverture et entretien exclusif \u2013 Juin 2024<\/span><\/b><\/p><p class=\"x_MsoNormal\"><span lang=\"EN-US\">Dans ce num\u00e9ro, Carlos Led\u00f3 a partag\u00e9 sa vision de la transformation du secteur agroalimentaire et le r\u00f4le de l&rsquo;innovation dans la durabilit\u00e9 agricole.<\/span><\/p><p class=\"x_MsoNormal\"><span lang=\"EN-US\"> <\/span><\/p><p class=\"x_MsoNormal\"><b><span lang=\"EN-US\">Levante-EMV, entretien sur l&rsquo;expansion internationale \u2013 Septembre 2024<\/span><\/b><\/p><p class=\"x_MsoNormal\"><span lang=\"EN-US\">Led\u00f3 a \u00e9voqu\u00e9 les plans d&rsquo;expansion de Veganic Nature, incluant l&rsquo;ouverture de filiales en Argentine, au Mexique et en Malaisie, ainsi que son objectif de faire de l&rsquo;entreprise une licorne du biocontr\u00f4le dans les cinq ans.<\/span><\/p><p class=\"x_MsoNormal\"><span lang=\"EN-US\"> <\/span><\/p><p class=\"x_MsoNormal\"><b><span lang=\"EN-US\">Econom\u00eda 3, participation \u00e0 une table ronde sur le secteur agroalimentaire \u2013 Juin 2024<\/span><\/b><\/p><p class=\"x_MsoNormal\"><span lang=\"EN-US\">Il a particip\u00e9 \u00e0 un d\u00e9bat sur les d\u00e9fis du secteur agroalimentaire, abordant des sujets tels que la rentabilit\u00e9, l&rsquo;innovation et le changement g\u00e9n\u00e9rationnel.<\/span><\/p><p class=\"x_MsoNormal\"><b><span lang=\"EN-US\"> <\/span><\/b><\/p><p class=\"x_MsoNormal\"><b><span lang=\"EN-US\">Levante-EMV, participation \u00e0 Planeta Agro \u2013 Octobre 2024<\/span><\/b><\/p><p class=\"x_MsoNormal\"><span lang=\"EN-US\">Lors de cet \u00e9v\u00e9nement, Led\u00f3 a appel\u00e9 \u00e0 attirer les jeunes vers la campagne et a soulign\u00e9 la n\u00e9cessit\u00e9 de valoriser le travail des agriculteurs en tant que h\u00e9ros qui nourrissent la plan\u00e8te.<\/span><\/p><p class=\"x_MsoNormal\"><span lang=\"EN-US\"> <\/span><\/p><p class=\"x_MsoNormal\"><b><span lang=\"EN-US\">Fruittoday, \u00e9dition de janvier \u2013 Janvier 2023<\/span><\/b><\/p><p class=\"x_MsoNormal\"><span lang=\"EN-US\">Article en vedette sur les innovations en biocontr\u00f4le et l&rsquo;impact de Veganic sur l&rsquo;agriculture durable.<\/span><\/p><p class=\"x_MsoNormal\"><span lang=\"EN-US\"> <\/span><\/p><p class=\"x_MsoNormal\"><b><span lang=\"EN-US\">Economa 3, num\u00e9ro 299 \u2013 Avril 2018<\/span><\/b><\/p><p class=\"x_MsoNormal\"><span lang=\"EN-US\">Entretien ax\u00e9 sur la croissance d&rsquo;Idai Nature et la vision entrepreneuriale de Led\u00f3 dans le domaine de la biotechnologie agricole.<\/span><\/p><p class=\"x_MsoNormal\"><span lang=\"EN-US\"> <\/span><\/p><p class=\"x_MsoNormal\"><b><span lang=\"EN-US\">Las Provincias, \u00e9ditions multiples \u2013 2018\u20132020<\/span><\/b><\/p><p class=\"x_MsoNormal\"><span lang=\"EN-US\">Couverture des initiatives entrepreneuriales de Led\u00f3 et leur impact sur l&rsquo;agriculture valencienne.<\/span><\/p><p class=\"x_MsoNormal\"><span lang=\"EN-US\"> <\/span><\/p><p class=\"x_MsoNormal\"><b><span lang=\"EN-US\">Levante-EMV, \u00e9ditions multiples \u2013 2018\u20132019<\/span><\/b><\/p><p class=\"x_MsoNormal\"><span lang=\"EN-US\">Articles sur les contributions de Led\u00f3 au secteur agricole et son accent sur les pratiques durables.<\/span><\/p><p class=\"x_MsoNormal\"><span lang=\"EN-US\"> <\/span><\/p><p class=\"x_MsoNormal\"><b>El Debate (Culiac\u00e1n, Mexique), presse nationale mexicaine \u2013 Mai 2018<\/b><\/p><p class=\"x_MsoNormal\"><span lang=\"EN-US\">Entretien sur l&rsquo;expansion internationale d&rsquo;Idai Nature et les opportunit\u00e9s sur le march\u00e9 mexicain.<\/span><\/p><p class=\"x_MsoNormal\"><span lang=\"EN-US\"> <\/span><\/p><p class=\"x_MsoNormal\"><span lang=\"EN-US\">Carlos Led\u00f3 est un fervent d\u00e9fenseur des <b>valeurs<\/b><\/span><b><span lang=\"EN-US\">\u200b\u200b<\/span><\/b><b><span lang=\"EN-US\">en tant que fondement essentiel de la vie<\/span><\/b><span lang=\"EN-US\">. Cette philosophie se refl\u00e8te dans toutes les entreprises qu&rsquo;il a fond\u00e9es, cr\u00e9ant des \u00e9quipes motiv\u00e9es par des principes et une \u00e9thique au-del\u00e0 de tout objectif commercial.<\/span><\/p>\t\t\t\t\t\t\t\t<\/div>\n\t\t\t\t<\/div>\n\t\t\t\t\t<\/div>\n\t\t\t\t<\/div>\n\t\t\t\t<\/div>\n\t\t","protected":false},"excerpt":{"rendered":"<p>Rencontrez notre fondateur Carlos led\u00f3 Linkedin Cher Agriculteur, J&rsquo;esp\u00e8re que ce message vous trouve en bonne sant\u00e9 et que vos cultures prosp\u00e8rent vigoureusement. Aujourd&rsquo;hui, je m&rsquo;adresse \u00e0 vous pour partager un nouveau chapitre profond\u00e9ment personnel et passionnant \u2014 un chapitre qui refl\u00e8te non seulement ma passion pour l&rsquo;agriculture durable, mais aussi un profond respect pour [&hellip;]<\/p>\n","protected":false},"author":1,"featured_media":0,"parent":0,"menu_order":0,"comment_status":"closed","ping_status":"closed","template":"","meta":{"footnotes":""},"class_list":["post-21375","page","type-page","status-publish","hentry"],"_links":{"self":[{"href":"https:\/\/veganic.bio\/fr\/wp-json\/wp\/v2\/pages\/21375","targetHints":{"allow":["GET"]}}],"collection":[{"href":"https:\/\/veganic.bio\/fr\/wp-json\/wp\/v2\/pages"}],"about":[{"href":"https:\/\/veganic.bio\/fr\/wp-json\/wp\/v2\/types\/page"}],"author":[{"embeddable":true,"href":"https:\/\/veganic.bio\/fr\/wp-json\/wp\/v2\/users\/1"}],"replies":[{"embeddable":true,"href":"https:\/\/veganic.bio\/fr\/wp-json\/wp\/v2\/comments?post=21375"}],"version-history":[{"count":3,"href":"https:\/\/veganic.bio\/fr\/wp-json\/wp\/v2\/pages\/21375\/revisions"}],"predecessor-version":[{"id":30794,"href":"https:\/\/veganic.bio\/fr\/wp-json\/wp\/v2\/pages\/21375\/revisions\/30794"}],"wp:attachment":[{"href":"https:\/\/veganic.bio\/fr\/wp-json\/wp\/v2\/media?parent=21375"}],"curies":[{"name":"wp","href":"https:\/\/api.w.org\/{rel}","templated":true}]}}