{"id":21377,"date":"2025-05-20T12:55:25","date_gmt":"2025-05-20T12:55:25","guid":{"rendered":"https:\/\/veganic.bio\/carlos-ledo\/"},"modified":"2026-01-12T13:45:29","modified_gmt":"2026-01-12T13:45:29","slug":"carlos-ledo","status":"publish","type":"page","link":"https:\/\/veganic.bio\/es\/carlos-ledo\/","title":{"rendered":"Carlos Led\u00f3"},"content":{"rendered":"\t\t<div data-elementor-type=\"wp-page\" data-elementor-id=\"21377\" class=\"elementor elementor-21377 elementor-17792\" data-elementor-post-type=\"page\">\n\t\t\t\t<div data-particle_enable=\"false\" data-particle-mobile-disabled=\"false\" class=\"elementor-element elementor-element-e16c951 e-flex e-con-boxed e-con e-parent\" data-id=\"e16c951\" data-element_type=\"container\" data-e-type=\"container\" data-settings=\"{&quot;background_background&quot;:&quot;classic&quot;}\">\n\t\t\t\t\t<div class=\"e-con-inner\">\n\t\t<div data-particle_enable=\"false\" data-particle-mobile-disabled=\"false\" class=\"elementor-element elementor-element-74d44e9 e-con-full e-flex e-con e-child\" data-id=\"74d44e9\" data-element_type=\"container\" data-e-type=\"container\" data-settings=\"{&quot;background_background&quot;:&quot;classic&quot;}\">\n\t\t\t\t<div class=\"elementor-element elementor-element-11ade30 elementor-widget elementor-widget-heading\" data-id=\"11ade30\" data-element_type=\"widget\" data-e-type=\"widget\" data-widget_type=\"heading.default\">\n\t\t\t\t\t<h1 class=\"elementor-heading-title elementor-size-default\">Conozca a nuestro fundador<\/h1>\t\t\t\t<\/div>\n\t\t\t\t<div class=\"elementor-element elementor-element-998695f elementor-widget elementor-widget-heading\" data-id=\"998695f\" data-element_type=\"widget\" data-e-type=\"widget\" data-widget_type=\"heading.default\">\n\t\t\t\t\t<h2 class=\"elementor-heading-title elementor-size-default\">Carlos Led\u00f3<\/h2>\t\t\t\t<\/div>\n\t\t\t\t<div class=\"elementor-element elementor-element-ba8fa86 elementor-widget elementor-widget-image\" data-id=\"ba8fa86\" data-element_type=\"widget\" data-e-type=\"widget\" data-widget_type=\"image.default\">\n\t\t\t\t\t\t\t\t\t\t\t\t\t\t\t<img fetchpriority=\"high\" decoding=\"async\" width=\"1242\" height=\"788\" src=\"https:\/\/veganic.bio\/wp-content\/uploads\/2025\/05\/carlos.jpg\" class=\"attachment-full size-full wp-image-20857\" alt=\"\" srcset=\"https:\/\/veganic.bio\/wp-content\/uploads\/2025\/05\/carlos.jpg 1242w, https:\/\/veganic.bio\/wp-content\/uploads\/2025\/05\/carlos-1024x650.jpg 1024w, https:\/\/veganic.bio\/wp-content\/uploads\/2025\/05\/carlos-768x487.jpg 768w, https:\/\/veganic.bio\/wp-content\/uploads\/2025\/05\/carlos-600x381.jpg 600w\" sizes=\"(max-width: 1242px) 100vw, 1242px\" \/>\t\t\t\t\t\t\t\t\t\t\t\t\t\t\t<\/div>\n\t\t\t\t<div class=\"elementor-element elementor-element-56f904e elementor-shape-rounded elementor-grid-0 e-grid-align-center elementor-widget elementor-widget-social-icons\" data-id=\"56f904e\" data-element_type=\"widget\" data-e-type=\"widget\" data-widget_type=\"social-icons.default\">\n\t\t\t\t\t\t\t<div class=\"elementor-social-icons-wrapper elementor-grid\">\n\t\t\t\t\t\t\t<span class=\"elementor-grid-item\">\n\t\t\t\t\t<a class=\"elementor-icon elementor-social-icon elementor-social-icon-linkedin elementor-repeater-item-b6261b4\" href=\"https:\/\/www.linkedin.com\/in\/carlos-led%C3%B3-orriach-a567359\/\" target=\"_blank\" rel=\"noopener\">\n\t\t\t\t\t\t<span class=\"elementor-screen-only\">Linkedin<\/span>\n\t\t\t\t\t\t<svg aria-hidden=\"true\" class=\"e-font-icon-svg e-fab-linkedin\" viewBox=\"0 0 448 512\" xmlns=\"http:\/\/www.w3.org\/2000\/svg\"><path d=\"M416 32H31.9C14.3 32 0 46.5 0 64.3v383.4C0 465.5 14.3 480 31.9 480H416c17.6 0 32-14.5 32-32.3V64.3c0-17.8-14.4-32.3-32-32.3zM135.4 416H69V202.2h66.5V416zm-33.2-243c-21.3 0-38.5-17.3-38.5-38.5S80.9 96 102.2 96c21.2 0 38.5 17.3 38.5 38.5 0 21.3-17.2 38.5-38.5 38.5zm282.1 243h-66.4V312c0-24.8-.5-56.7-34.5-56.7-34.6 0-39.9 27-39.9 54.9V416h-66.4V202.2h63.7v29.2h.9c8.9-16.8 30.6-34.5 62.9-34.5 67.2 0 79.7 44.3 79.7 101.9V416z\"><\/path><\/svg>\t\t\t\t\t<\/a>\n\t\t\t\t<\/span>\n\t\t\t\t\t<\/div>\n\t\t\t\t\t\t<\/div>\n\t\t\t\t<div class=\"elementor-element elementor-element-0463012 elementor-widget elementor-widget-text-editor\" data-id=\"0463012\" data-element_type=\"widget\" data-e-type=\"widget\" data-widget_type=\"text-editor.default\">\n\t\t\t\t\t\t\t\t\t<p class=\"x_MsoNormal\"><span lang=\"EN-US\" data-olk-copy-source=\"MessageBody\">Estimado agricultor:<\/span><\/p><p class=\"x_MsoNormal\"><span lang=\"EN-US\"> <\/span><\/p><p class=\"x_MsoNormal\"><span lang=\"EN-US\">Espero que este mensaje le encuentre bien y que sus cultivos est\u00e9n creciendo fuertes y saludables. Hoy, me dirijo a usted para compartirle un nuevo cap\u00edtulo profundamente personal y emocionante, que refleja no solo mi pasi\u00f3n por la agricultura sostenible, sino tambi\u00e9n un profundo respeto por el incre\u00edble trabajo que usted realiza cada d\u00eda. <\/span><\/p><p class=\"x_MsoNormal\"><span lang=\"EN-US\"> <\/span><\/p><p class=\"x_MsoNormal\"><span lang=\"EN-US\" data-olk-copy-source=\"MessageBody\">Tras m\u00e1s de 25 a\u00f1os como <b>empresa especializada en biocontrol<\/b>, he decidido lanzar <b>VEGANIC\u00ae<\/b>, una compa\u00f1\u00eda nacida no por necesidad, sino por prop\u00f3sito. Es un proyecto construido sobre la gratitud: por las personas que han recorrido este camino conmigo, por la tierra que nos alimenta y, sobre todo, por ustedes, los agricultores que nutren la vida desde el suelo. <\/span><\/p><p class=\"x_MsoNormal\"><span lang=\"EN-US\"> <\/span><\/p><p class=\"x_MsoNormal\"><span lang=\"EN-US\">VEGANIC\u00ae es m\u00e1s que una empresa. Es un movimiento arraigado en la ciencia, la integridad y el respeto por la naturaleza. Desarrollamos y proporcionamos <b>soluciones biol\u00f3gicas innovadoras basadas en extractos de plantas y microorganismos<\/b>, 100% naturales, veganas, libres de crueldad y alineadas con los est\u00e1ndares ecol\u00f3gicos m\u00e1s rigurosos. Nuestro objetivo es empoderarle con herramientas que no solo sean efectivas, sino tambi\u00e9n \u00e9ticas y sostenibles.   <\/span><\/p><p class=\"x_MsoNormal\"><span lang=\"EN-US\"> <\/span><\/p><p class=\"x_MsoNormal\"><span lang=\"EN-US\">Despu\u00e9s de m\u00e1s de dos d\u00e9cadas, <b>simplemente ser org\u00e1nico ya no es suficiente<\/b>. Ya no nos distingue. Hoy, la agricultura exige m\u00e1s, y tambi\u00e9n lo hace el planeta. Debemos ir m\u00e1s all\u00e1, adoptando un enfoque consciente que <b>incluya valores como la ausencia de crueldad, el veganismo y la agricultura consciente<\/b>. La naturaleza nos est\u00e1 hablando, pidiendo m\u00e1s: m\u00e1s respeto, m\u00e1s compasi\u00f3n, m\u00e1s alineaci\u00f3n con los valores de una nueva generaci\u00f3n.     <b>M\u00e1s \u00e9tico. M\u00e1s vegano. M\u00e1s responsable. Es hora de escuchar y actuar.   <\/b><\/span><\/p><p class=\"x_MsoNormal\"><span lang=\"EN-US\"> <\/span><\/p><p class=\"x_MsoNormal\"><span lang=\"EN-US\">Pero sobre todo, <b>VEGANIC\u00ae es un tributo a su profesi\u00f3n<\/b>. Creemos que ha llegado el momento de revalorizar el papel del agricultor, no solo como productor de alimentos, sino como guardi\u00e1n de la biodiversidad, administrador del medio ambiente y figura clave en la construcci\u00f3n de un futuro m\u00e1s justo y resiliente. <\/span><\/p><p class=\"x_MsoNormal\"><span lang=\"EN-US\"> <\/span><\/p><p class=\"x_MsoNormal\"><span lang=\"EN-US\">Nuestro modelo verticalmente integrado nos permite controlar cada paso: desde la I+D y la formulaci\u00f3n hasta la producci\u00f3n, el apoyo en campo y la educaci\u00f3n. Esto significa mayor eficiencia, transparencia y soluciones a medida adaptadas a sus necesidades \u00fanicas. Estamos aqu\u00ed para escuchar, apoyar y caminar a su lado, porque entendemos que su \u00e9xito es la base de todo lo que hacemos.  <\/span><\/p><p class=\"x_MsoNormal\"><span lang=\"EN-US\"> <\/span><\/p><p class=\"x_MsoNormal\"><span lang=\"EN-US\">En VEGANIC\u00ae, nos comprometemos a hacer su trabajo m\u00e1s f\u00e1cil, m\u00e1s rentable y m\u00e1s respetado. Creemos en un futuro donde la agricultura no solo sea sostenible, sino admirada. Donde el mundo rural no sea abandonado, sino revitalizado. Y donde la innovaci\u00f3n vaya de la mano con la tradici\u00f3n.   <\/span><\/p><p class=\"x_MsoNormal\"><span lang=\"EN-US\"> <\/span><\/p><p class=\"x_MsoNormal\"><span lang=\"EN-US\">Gracias por ser parte de esta misi\u00f3n compartida. Gracias por seguir creyendo en una mejor manera de cultivar. Nos honra trabajar con usted y nos entusiasma lo que podemos lograr juntos.  <\/span><\/p><p class=\"x_MsoNormal\"><span lang=\"EN-US\"> <\/span><\/p><p class=\"x_MsoNormal\"><span lang=\"EN-US\">Con respeto y determinaci\u00f3n,<\/span><\/p><p class=\"x_MsoNormal\"><b><span lang=\"EN-US\"> <\/span><\/b><\/p><p class=\"x_MsoNormal\"><b><span lang=\"EN-US\">Carlos Led\u00f3 Orriach<\/span><\/b><span lang=\"EN-US\"><br>Fundador y Director Ejecutivo<br><b>VEGANIC\u00ae<\/b><\/span><\/p>\t\t\t\t\t\t\t\t<\/div>\n\t\t\t\t<\/div>\n\t\t\t\t\t<\/div>\n\t\t\t\t<\/div>\n\t\t<div data-particle_enable=\"false\" data-particle-mobile-disabled=\"false\" class=\"elementor-element elementor-element-3df7e808 e-con-full e-flex e-con e-parent\" data-id=\"3df7e808\" data-element_type=\"container\" data-e-type=\"container\" data-settings=\"{&quot;background_background&quot;:&quot;classic&quot;}\">\n\t\t\t\t<div class=\"elementor-element elementor-element-c1a155 elementor-widget elementor-widget-heading\" data-id=\"c1a155\" data-element_type=\"widget\" data-e-type=\"widget\" data-widget_type=\"heading.default\">\n\t\t\t\t\t<h2 class=\"elementor-heading-title elementor-size-default\">Carlos Led\u00f3 \u2013 Biograf\u00eda ejecutiva<\/h2>\t\t\t\t<\/div>\n\t\t\t\t<\/div>\n\t\t<div data-particle_enable=\"false\" data-particle-mobile-disabled=\"false\" class=\"elementor-element elementor-element-48809397 e-con-full e-flex e-con e-parent\" data-id=\"48809397\" data-element_type=\"container\" data-e-type=\"container\" data-settings=\"{&quot;background_background&quot;:&quot;classic&quot;}\">\n\t\t\t\t<div class=\"elementor-element elementor-element-1e5165f3 elementor-widget elementor-widget-image\" data-id=\"1e5165f3\" data-element_type=\"widget\" data-e-type=\"widget\" data-widget_type=\"image.default\">\n\t\t\t\t\t\t\t\t\t\t\t\t\t\t\t<img decoding=\"async\" width=\"2560\" height=\"618\" src=\"https:\/\/veganic.bio\/wp-content\/uploads\/2025\/05\/cabecera-scaled-1.jpg\" class=\"attachment-full size-full wp-image-20869\" alt=\"\" srcset=\"https:\/\/veganic.bio\/wp-content\/uploads\/2025\/05\/cabecera-scaled-1.jpg 2560w, https:\/\/veganic.bio\/wp-content\/uploads\/2025\/05\/cabecera-scaled-1-1024x247.jpg 1024w, https:\/\/veganic.bio\/wp-content\/uploads\/2025\/05\/cabecera-scaled-1-768x185.jpg 768w, https:\/\/veganic.bio\/wp-content\/uploads\/2025\/05\/cabecera-scaled-1-1536x371.jpg 1536w, https:\/\/veganic.bio\/wp-content\/uploads\/2025\/05\/cabecera-scaled-1-2048x494.jpg 2048w, https:\/\/veganic.bio\/wp-content\/uploads\/2025\/05\/cabecera-scaled-1-600x145.jpg 600w\" sizes=\"(max-width: 2560px) 100vw, 2560px\" \/>\t\t\t\t\t\t\t\t\t\t\t\t\t\t\t<\/div>\n\t\t\t\t<\/div>\n\t\t<div data-particle_enable=\"false\" data-particle-mobile-disabled=\"false\" class=\"elementor-element elementor-element-60ddfdce e-flex e-con-boxed e-con e-parent\" data-id=\"60ddfdce\" data-element_type=\"container\" data-e-type=\"container\" data-settings=\"{&quot;background_background&quot;:&quot;classic&quot;}\">\n\t\t\t\t\t<div class=\"e-con-inner\">\n\t\t\t\t<div class=\"elementor-element elementor-element-5413369c elementor-widget elementor-widget-text-editor\" data-id=\"5413369c\" data-element_type=\"widget\" data-e-type=\"widget\" data-widget_type=\"text-editor.default\">\n\t\t\t\t\t\t\t\t\t<p>Carlos Led\u00f3 es un <b>emprendedor visionario y l\u00edder global en agricultura sostenible<\/b>, con una carrera definida por el prop\u00f3sito, la innovaci\u00f3n y la revalorizaci\u00f3n del sector agr\u00edcola. Es un <b>emprendedor en serie<\/b> que ha fundado <b>22 empresas<\/b> en varios sectores y pa\u00edses. Su trayectoria empresarial comenz\u00f3 cuando a\u00fan era estudiante, viviendo en casa de sus padres. Su empresa m\u00e1s reconocida es <b>Idai Nature<\/b>, una compa\u00f1\u00eda que fund\u00f3 en <b>2009<\/b> y que revolucion\u00f3 el mercado del biocontrol a trav\u00e9s de soluciones agr\u00edcolas naturales.   <\/p>\t\t\t\t\t\t\t\t<\/div>\n\t\t\t\t\t<\/div>\n\t\t\t\t<\/div>\n\t\t<div data-particle_enable=\"false\" data-particle-mobile-disabled=\"false\" class=\"elementor-element elementor-element-9fb79cf e-flex e-con-boxed e-con e-parent\" data-id=\"9fb79cf\" data-element_type=\"container\" data-e-type=\"container\" data-settings=\"{&quot;background_background&quot;:&quot;classic&quot;}\">\n\t\t\t\t\t<div class=\"e-con-inner\">\n\t\t<div data-particle_enable=\"false\" data-particle-mobile-disabled=\"false\" class=\"elementor-element elementor-element-27236fa e-con-full e-flex e-con e-child\" data-id=\"27236fa\" data-element_type=\"container\" data-e-type=\"container\">\n\t\t<div data-particle_enable=\"false\" data-particle-mobile-disabled=\"false\" class=\"elementor-element elementor-element-f2eedc3 e-con-full e-flex e-con e-child\" data-id=\"f2eedc3\" data-element_type=\"container\" data-e-type=\"container\" data-settings=\"{&quot;background_background&quot;:&quot;classic&quot;}\">\n\t\t\t\t<div class=\"elementor-element elementor-element-a28435c elementor-widget elementor-widget-text-editor\" data-id=\"a28435c\" data-element_type=\"widget\" data-e-type=\"widget\" data-widget_type=\"text-editor.default\">\n\t\t\t\t\t\t\t\t\t<p class=\"x_MsoNormal\"><span lang=\"EN-US\" data-olk-copy-source=\"MessageBody\">Carlos Led\u00f3 es un <b>emprendedor visionario y l\u00edder global en agricultura sostenible<\/b>, con una carrera definida por el prop\u00f3sito, la innovaci\u00f3n y la revalorizaci\u00f3n del sector agr\u00edcola. Es un <b>emprendedor en serie<\/b> que ha fundado <b>22 empresas<\/b> en varios sectores y pa\u00edses. Su trayectoria empresarial comenz\u00f3 cuando a\u00fan era estudiante, viviendo en casa de sus padres. Su empresa m\u00e1s reconocida es <b>Idai Nature<\/b>, una compa\u00f1\u00eda que fund\u00f3 en <b>2009<\/b> y que revolucion\u00f3 el mercado del biocontrol a trav\u00e9s de soluciones agr\u00edcolas naturales.   <\/span><\/p><p class=\"x_MsoNormal\"><span lang=\"EN-US\"> <\/span><\/p><p class=\"x_MsoNormal\"><span lang=\"EN-US\">En <b>2018<\/b>, Carlos integr\u00f3 Idai Nature en un grupo empresarial respaldado por un fondo de capital privado. Continu\u00f3 en un rol de liderazgo como <b>Director de Operaciones de la Unidad de Negocio de Biocontrol<\/b> del reci\u00e9n formado <b>Grupo Rovensa<\/b>, con la misi\u00f3n de construir y escalar esta divisi\u00f3n a nivel global. <\/span><\/p><p class=\"x_MsoNormal\"><span lang=\"EN-US\">Bajo su direcci\u00f3n estrat\u00e9gica y con el apoyo de su equipo, la unidad de negocio se expandi\u00f3 para operar en m\u00e1s de <b>90 pa\u00edses<\/b> y, en cinco a\u00f1os, se convirti\u00f3 en el <b>l\u00edder mundial en ventas de biocontrol<\/b>, seg\u00fan lo reportado en el <b>Informe Dunham Trimmer 2023<\/b>. Este hito estuvo marcado por su papel clave en el lanzamiento global de la marca <b>Rovensa Next<\/b> en <b>Fruit Logistica 2023<\/b> en Berl\u00edn. <\/span><\/p><p class=\"x_MsoNormal\"><span lang=\"EN-US\"> <\/span><\/p><p class=\"x_MsoNormal\"><span lang=\"EN-US\">Tras cumplir exitosamente la misi\u00f3n que se le encomend\u00f3, Carlos se retir\u00f3 de su cargo ejecutivo y, desde <b>febrero de 2023 hasta febrero de 2024<\/b>, desempe\u00f1\u00f3 las funciones de <b>Embajador de Marca de Rovensa Next<\/b> y <b>Asesor Estrat\u00e9gico del Director Ejecutivo del Grupo Rovensa<\/b>, mientras se preparaba para un nuevo cap\u00edtulo empresarial.<\/span><\/p><p class=\"x_MsoNormal\"><span lang=\"EN-US\"> <\/span><\/p><p class=\"x_MsoNormal\"><span lang=\"EN-US\">En <b>marzo de 2024<\/b>, lanz\u00f3 <b>VEGANIC\u00ae<\/b>, una empresa orientada a un prop\u00f3sito y centrada en el desarrollo y comercializaci\u00f3n de <b>biosoluciones 100% veganas y libres de crueldad<\/b> basadas en extractos vegetales y microorganismos. Su objetivo: construir <b>un unicornio global en biocontrol<\/b> en cinco a\u00f1os y liderar la transformaci\u00f3n de la agricultura hacia un modelo m\u00e1s \u00e9tico, regenerativo y sostenible. Para Carlos, VEGANIC\u00ae no es solo un negocio, es su legado m\u00e1s personal y ambicioso. Bajo su liderazgo, <b>VEGANIC\u00ae<\/b> se est\u00e1 convirtiendo r\u00e1pidamente en una <b>referencia mundial en agricultura respetuosa y basada en la ciencia<\/b>, ayudando a los agricultores a transitar hacia pr\u00e1cticas m\u00e1s sostenibles, rentables y preparadas para el futuro. En <b>mayo de 2025<\/b>, VEGANIC\u00ae fue galardonada con el prestigioso <b>Premio Emprende XXI<\/b>, otorgado por <b>La Caixa<\/b> y <b>ENISA<\/b>, reconoci\u00e9ndola como una de las startups m\u00e1s innovadoras y de alto impacto en Espa\u00f1a. Este premio destaca el potencial disruptivo de la empresa, su compromiso con la sostenibilidad y su papel en <b>dar forma al futuro de la agricultura<\/b> a trav\u00e9s de la innovaci\u00f3n biotecnol\u00f3gica.     <\/span><\/p>\t\t\t\t\t\t\t\t<\/div>\n\t\t\t\t<\/div>\n\t\t<div data-particle_enable=\"false\" data-particle-mobile-disabled=\"false\" class=\"elementor-element elementor-element-5a2ffd0 e-con-full e-flex e-con e-child\" data-id=\"5a2ffd0\" data-element_type=\"container\" data-e-type=\"container\" data-settings=\"{&quot;background_background&quot;:&quot;classic&quot;}\">\n\t\t\t\t<div class=\"elementor-element elementor-element-862fd94 elementor-widget elementor-widget-text-editor\" data-id=\"862fd94\" data-element_type=\"widget\" data-e-type=\"widget\" data-widget_type=\"text-editor.default\">\n\t\t\t\t\t\t\t\t\t<p class=\"x_MsoNormal\"><span lang=\"EN-US\">Carlos posee varios t\u00edtulos acad\u00e9micos avanzados, incluyendo un <b>MBA Ejecutivo<\/b> de ESIC, el <b>Programa de Desarrollo Empresarial (EDP)<\/b> del <b>Instituto Tecnol\u00f3gico de Massachusetts (MIT)<\/b> en Boston, y programas ejecutivos de <b>ESADE<\/b>, <b>IE Business School<\/b>, y el <b>Programa 15&#215;15 en EDEM<\/b>. Fue nombrado el primer <b>Alumno Distinguido<\/b> por el Rector de la <b>Universidad Polit\u00e9cnica de Valencia (UPV)<\/b>, donde tambi\u00e9n ejerci\u00f3 como <b>Presidente de Alumni UPV<\/b>, representando a m\u00e1s de 60.000 alumnos. <\/span><\/p><p class=\"x_MsoNormal\"><span lang=\"EN-US\"> <\/span><\/p><p class=\"x_MsoNormal\"><span lang=\"EN-US\">De 2018 a 2021, tambi\u00e9n fue <b>Presidente de BIOVAL<\/b>, la Asociaci\u00f3n de Empresas Biotecnol\u00f3gicas de la Comunidad Valenciana, donde fund\u00f3 la <b>Gala Anual de la Noche de la Biotecnolog\u00eda<\/b>, ahora un evento clave en el ecosistema regional de innovaci\u00f3n. Carlos es tambi\u00e9n un respetado educador y orador p\u00fablico. Ha impartido clases en varios programas de MBA y posgrado, incluyendo en la <b>Universidad ESIC<\/b> y <b>EDEM<\/b>, sobre temas relacionados con la innovaci\u00f3n y el liderazgo estrat\u00e9gico. En 2016, recibi\u00f3 el premio a la <b>Mejor Clase Magistral<\/b> del programa MBA Ejecutivo de la UPV.   <\/span><\/p><p class=\"x_MsoNormal\"><span lang=\"EN-US\">Ha recibido reconocimientos de l\u00edderes e instituciones mundiales como <b>Steve Wozniak<\/b> (cofundador de Apple), <b>Barack Obama<\/b>, <b>la Reina Letizia de Espa\u00f1a<\/b>, <b>Ana Bot\u00edn<\/b> (Presidenta del Banco Santander), el <b>Presidente del Gobierno de Espa\u00f1a<\/b> y la <b>Comisi\u00f3n Europea<\/b>.<\/span><\/p><p class=\"x_MsoNormal\"><span lang=\"EN-US\"> <\/span><\/p><p class=\"x_MsoNormal\"><span lang=\"EN-US\">Desde <b>diciembre de 2023<\/b>, tambi\u00e9n ha sido reconocido como <b>Top Voice en Investigaci\u00f3n e Innovaci\u00f3n<\/b> por <b>LinkedIn<\/b>, donde comparte regularmente ideas sobre emprendimiento, sostenibilidad agr\u00edcola y el futuro del biocontrol.<\/span><\/p><p class=\"x_MsoNormal\"><span lang=\"EN-US\"> <\/span><\/p><p class=\"x_MsoNormal\"><span lang=\"EN-US\">En <b>2025<\/b>, Carlos fue nombrado <b>Finalista de los Premios Visionarios por Agribusiness<\/b>, un prestigioso galard\u00f3n internacional que celebra a los l\u00edderes que est\u00e1n transformando el futuro de la agricultura y los sistemas alimentarios. En reconocimiento a su trabajo pionero en biotecnolog\u00eda verde y econom\u00eda circular, fue nombrado <b><i>Finalista de los Premios Visionarios en Agribusiness<\/i> en 2025<\/b>, un galard\u00f3n internacional que destaca el liderazgo transformador en el sistema alimentario y agr\u00edcola global. <\/span><\/p><p class=\"x_MsoNormal\"><span lang=\"EN-US\"> <\/span><\/p><p class=\"x_MsoNormal\"><span lang=\"EN-US\">Carlos Led\u00f3 no solo est\u00e1 construyendo empresas, est\u00e1 ayudando a <b>redefinir el futuro de la agricultura<\/b>: uno que coloca a <b>los agricultores en el centro<\/b>, respeta la <b>naturaleza<\/b> y restaura el <b>valor<\/b> a lo largo de toda la cadena alimentaria. <b>Su misi\u00f3n es clara: dejar un mundo mejor a las generaciones futuras<\/b> mientras crea impacto con integridad, inspira a la pr\u00f3xima generaci\u00f3n y garantiza que la innovaci\u00f3n siempre sirva a las personas y al planeta.<\/span><\/p>\t\t\t\t\t\t\t\t<\/div>\n\t\t\t\t<\/div>\n\t\t\t\t<\/div>\n\t\t<div data-particle_enable=\"false\" data-particle-mobile-disabled=\"false\" class=\"elementor-element elementor-element-affa152 e-con-full e-flex e-con e-child\" data-id=\"affa152\" data-element_type=\"container\" data-e-type=\"container\">\n\t\t\t\t<div class=\"elementor-element elementor-element-f634c3d elementor-widget elementor-widget-image\" data-id=\"f634c3d\" data-element_type=\"widget\" data-e-type=\"widget\" data-widget_type=\"image.default\">\n\t\t\t\t\t\t\t\t\t\t\t\t\t\t\t<img decoding=\"async\" width=\"1843\" height=\"2480\" src=\"https:\/\/veganic.bio\/wp-content\/uploads\/2025\/05\/Mosaico-OK-scaled-1-e1747990940220.jpg\" class=\"attachment-full size-full wp-image-20873\" alt=\"\" srcset=\"https:\/\/veganic.bio\/wp-content\/uploads\/2025\/05\/Mosaico-OK-scaled-1-e1747990940220.jpg 1843w, https:\/\/veganic.bio\/wp-content\/uploads\/2025\/05\/Mosaico-OK-scaled-1-e1747990940220-761x1024.jpg 761w, https:\/\/veganic.bio\/wp-content\/uploads\/2025\/05\/Mosaico-OK-scaled-1-e1747990940220-768x1033.jpg 768w, https:\/\/veganic.bio\/wp-content\/uploads\/2025\/05\/Mosaico-OK-scaled-1-e1747990940220-1141x1536.jpg 1141w, https:\/\/veganic.bio\/wp-content\/uploads\/2025\/05\/Mosaico-OK-scaled-1-e1747990940220-1522x2048.jpg 1522w, https:\/\/veganic.bio\/wp-content\/uploads\/2025\/05\/Mosaico-OK-scaled-1-e1747990940220-600x807.jpg 600w\" sizes=\"(max-width: 1843px) 100vw, 1843px\" \/>\t\t\t\t\t\t\t\t\t\t\t\t\t\t\t<\/div>\n\t\t\t\t<\/div>\n\t\t\t\t\t<\/div>\n\t\t\t\t<\/div>\n\t\t<div data-particle_enable=\"false\" data-particle-mobile-disabled=\"false\" class=\"elementor-element elementor-element-4370ea2c e-flex e-con-boxed e-con e-parent\" data-id=\"4370ea2c\" data-element_type=\"container\" data-e-type=\"container\" data-settings=\"{&quot;background_background&quot;:&quot;gradient&quot;}\">\n\t\t\t\t\t<div class=\"e-con-inner\">\n\t\t<div data-particle_enable=\"false\" data-particle-mobile-disabled=\"false\" class=\"elementor-element elementor-element-20ad21df e-con-full e-flex e-con e-child\" data-id=\"20ad21df\" data-element_type=\"container\" data-e-type=\"container\" data-settings=\"{&quot;background_background&quot;:&quot;classic&quot;}\">\n\t\t\t\t<div class=\"elementor-element elementor-element-138f18b4 elementor-widget elementor-widget-text-editor\" data-id=\"138f18b4\" data-element_type=\"widget\" data-e-type=\"widget\" data-widget_type=\"text-editor.default\">\n\t\t\t\t\t\t\t\t\t<h3 data-start=\"203\" data-end=\"232\"><span style=\"color: #000000;\"><strong data-start=\"207\" data-end=\"232\">HONORES Y RECONOCIMIENTOS<\/strong><\/span><\/h3><p class=\"x_MsoNormal\"><span lang=\"EN-US\" data-olk-copy-source=\"MessageBody\">A lo largo de su carrera profesional, Carlos Led\u00f3 ha recibido numerosos premios, honores y reconocimientos que reflejan su liderazgo, innovaci\u00f3n y compromiso con la agricultura sostenible:<\/span><\/p><p class=\"x_MsoNormal\"><span lang=\"EN-US\"> <\/span><\/p><ul type=\"disc\"><li class=\"x_MsoNormal\"><b><span lang=\"EN-US\">Premio Nacional a la PYME<\/span><\/b><span lang=\"EN-US\">, otorgado por Su Majestad el Rey Felipe VI de Espa\u00f1a \u2013 <b>2014<\/b><\/span><\/li><li class=\"x_MsoNormal\"><b><span lang=\"EN-US\">Premio Aster al Mejor Emprendedor<\/span><\/b><span lang=\"EN-US\">, Comunidad Valenciana \u2013 <b>2014<\/b><\/span><\/li><li class=\"x_MsoNormal\"><b><span lang=\"EN-US\">Panelista junto a Steve Wozniak<\/span><\/b><span lang=\"EN-US\">, cofundador de Apple, en M\u00e9xico \u2013 <b>2014<\/b><\/span><\/li><li class=\"x_MsoNormal\"><b><span lang=\"EN-US\">Mejor Clase Magistral<\/span><\/b><span lang=\"EN-US\">, MBA Ejecutivo, Universidad Polit\u00e9cnica de Valencia \u2013 <b>2016<\/b><\/span><\/li><li class=\"x_MsoNormal\"><b><span lang=\"EN-US\">Primer alumno distinguido<\/span><\/b><span lang=\"EN-US\">, Universidad Polit\u00e9cnica de Valencia \u2013 <b>2016<\/b><\/span><\/li><li class=\"x_MsoNormal\"><b><span lang=\"EN-US\">Invitado personal<\/span><\/b><span lang=\"EN-US\"> a una mesa redonda privada de negocios con el ex presidente de EE. UU. <b>Barack Obama<\/b> \u2013 <b>2016<\/b><\/span><\/li><li class=\"x_MsoNormal\"><b><span lang=\"EN-US\">Premio Aster al Mejor Emprendedor Nacional<\/span><\/b><span lang=\"EN-US\"> \u2013 <b>2017<\/b><\/span><\/li><li class=\"x_MsoNormal\"><b><span lang=\"EN-US\">Audiencia privada<\/span><\/b><span lang=\"EN-US\"> en el Palacio de la Zarzuela con <b>Su Majestad la Reina Letizia de Espa\u00f1a<\/b> \u2013 <b>2017<\/b><\/span><\/li><li class=\"x_MsoNormal\"><b><span lang=\"EN-US\">Bendici\u00f3n apost\u00f3lica<\/span><\/b><span lang=\"EN-US\"> de <b>Su Santidad el Papa Francisco<\/b> \u2013 <b>2018<\/b><\/span><\/li><li class=\"x_MsoNormal\"><b><span lang=\"EN-US\">Reconocimiento especial<\/span><\/b><span lang=\"EN-US\"> por parte de <b>Ana Patricia Bot\u00edn<\/b>, Presidenta del Banco Santander, como emprendedor destacado \u2013 <b>2018<\/b><\/span><\/li><li class=\"x_MsoNormal\"><b><span lang=\"EN-US\">Premio AAA<\/span><\/b><span lang=\"EN-US\">, escuela de negocios EDEM (fundada por Juan Roig) \u2013 <b>2019<\/b><\/span><\/li><li class=\"x_MsoNormal\"><b><span lang=\"EN-US\">Presidente de Bioval<\/span><\/b><span lang=\"EN-US\"> (Asociaci\u00f3n de Empresas Biotecnol\u00f3gicas de la Comunidad Valenciana) \u2013 <b>2018\u20132021<\/b><\/span><\/li><li class=\"x_MsoNormal\"><b><span lang=\"EN-US\">Premio a la Excelencia Profesional en I+D<\/span><\/b><span lang=\"EN-US\">, Asociaci\u00f3n de Colegios Profesionales \u2013 <b>2019<\/b><\/span><\/li><li class=\"x_MsoNormal\"><b><span lang=\"EN-US\">Miembro del Jurado<\/span><\/b><span lang=\"EN-US\">, Premios Aster, Universidad ESIC \u2013 <b>2019\u2013Presente<\/b><\/span><\/li><li class=\"x_MsoNormal\"><b><span lang=\"EN-US\">Miembro del Consejo Asesor<\/span><\/b><span lang=\"EN-US\">, Escuela T\u00e9cnica Superior de Ingenier\u00eda Agron\u00f3mica, Universidad Polit\u00e9cnica de Valencia \u2013 <b>2020\u2013Presente<\/b><\/span><\/li><li class=\"x_MsoNormal\"><b>Presidente<\/b>, Alumni UPV \u2013 <b>2021\u2013Presente<\/b><\/li><li class=\"x_MsoNormal\"><b><span lang=\"EN-US\">Padrino de graduaci\u00f3n<\/span><\/b><span lang=\"EN-US\">, escuela de negocios de la Universidad ESIC \u2013 <b>2022<\/b><\/span><\/li><li class=\"x_MsoNormal\"><b>Embajador<\/b>, promoci\u00f3n EMBA de la Universidad ESIC \u2013 <b>2022<\/b><\/li><li class=\"x_MsoNormal\"><b><span lang=\"EN-US\">Miembro del Jurado<\/span><\/b><span lang=\"EN-US\">, Premios Revoluciona por BBVA y la Universidad de Valencia \u2013 <b>2022\u2013Presente<\/b><\/span><\/li><li class=\"x_MsoNormal\"><b><span lang=\"EN-US\">Voz Destacada en Investigaci\u00f3n e Innovaci\u00f3n<\/span><\/b><span lang=\"EN-US\">, LinkedIn \u2013 <b>Diciembre 2023\u2013Presente<\/b><\/span><\/li><li class=\"x_MsoNormal\"><b><span lang=\"EN-US\">Miembro de la Junta<\/span><\/b><span lang=\"EN-US\">, Consejo Social, Universidad de Valencia \u2013 <b>2024\u2013Presente<\/b><\/span><\/li><li class=\"x_MsoNormal\"><b><span lang=\"EN-US\">Orador Principal<\/span><\/b><span lang=\"EN-US\">, Reuni\u00f3n Anual de la Asociaci\u00f3n Latinoamericana de Asociaciones de la Industria Agroqu\u00edmica (ALINA), Miami \u2013 <b>Marzo 2024<\/b><\/span><\/li><li class=\"x_MsoNormal\"><b><span lang=\"EN-US\">Finalista<\/span><\/b><span lang=\"EN-US\">, <b>premios visionarios por innovaci\u00f3n en agronegocios<\/b> \u2013 <b>2025<\/b><\/span><\/li><li class=\"x_MsoNormal\"><b><span lang=\"EN-US\">Ganador<\/span><\/b><span lang=\"EN-US\">, <b>Premio Emprende XXI<\/b> por <b>La Caixa<\/b> y <b>ENISA<\/b>, reconociendo a VEGANIC\u00ae como una de las startups de mayor impacto en Espa\u00f1a \u2013 <b>Mayo 2025<\/b><\/span><\/li><\/ul>\t\t\t\t\t\t\t\t<\/div>\n\t\t\t\t<\/div>\n\t\t<div data-particle_enable=\"false\" data-particle-mobile-disabled=\"false\" class=\"elementor-element elementor-element-51371f43 e-con-full e-flex e-con e-child\" data-id=\"51371f43\" data-element_type=\"container\" data-e-type=\"container\" data-settings=\"{&quot;background_background&quot;:&quot;classic&quot;}\">\n\t\t\t\t<div class=\"elementor-element elementor-element-54484488 elementor-widget elementor-widget-text-editor\" data-id=\"54484488\" data-element_type=\"widget\" data-e-type=\"widget\" data-widget_type=\"text-editor.default\">\n\t\t\t\t\t\t\t\t\t<h3><strong><span style=\"color: #000000;\">COMUNICACIONES<\/span><\/strong><\/h3><p class=\"x_MsoNormal\"><span lang=\"EN-US\" data-olk-copy-source=\"MessageBody\">Carlos Led\u00f3 ha sido ampliamente destacado en medios nacionales e internacionales por su liderazgo en innovaci\u00f3n agr\u00edcola, sostenibilidad y biotecnolog\u00eda. A continuaci\u00f3n se enumeran algunas de sus apariciones m\u00e1s relevantes: <\/span><\/p><p class=\"x_MsoNormal\"><span lang=\"EN-US\"> <\/span><\/p><p class=\"x_MsoNormal\"><b><span lang=\"EN-US\">Agribusiness Global, Informe Especial \u2013 Marzo 2025<\/span><\/b><\/p><p class=\"x_MsoNormal\"><span lang=\"EN-US\">Destacado como uno de los l\u00edderes visionarios en agronegocios para 2025, Led\u00f3 fue reconocido por su enfoque innovador en biocontrol y su compromiso con las pr\u00e1cticas agr\u00edcolas sostenibles.<\/span><\/p><p class=\"x_MsoNormal\"><b><span lang=\"EN-US\"> <\/span><\/b><\/p><p class=\"x_MsoNormal\"><b><span lang=\"EN-US\">BAW Digest, Entrevista en Profundidad \u2013 Junio 2024 y Junio 2025<\/span><\/b><\/p><p class=\"x_MsoNormal\"><span lang=\"EN-US\">En esta entrevista, Led\u00f3 discuti\u00f3 los desaf\u00edos y oportunidades en la agricultura moderna, enfatizando la importancia de las soluciones veganas y libres de crueldad en el biocontrol.<\/span><\/p><p class=\"x_MsoNormal\"><b><span lang=\"EN-US\"> <\/span><\/b><\/p><p class=\"x_MsoNormal\"><b><span lang=\"EN-US\">Econom\u00eda 3, portada y entrevista exclusiva \u2013 Junio 2024<\/span><\/b><\/p><p class=\"x_MsoNormal\"><span lang=\"EN-US\">En este n\u00famero, Carlos Led\u00f3 comparti\u00f3 su visi\u00f3n sobre la transformaci\u00f3n del sector agroalimentario y el papel de la innovaci\u00f3n en la sostenibilidad agr\u00edcola.<\/span><\/p><p class=\"x_MsoNormal\"><span lang=\"EN-US\"> <\/span><\/p><p class=\"x_MsoNormal\"><b><span lang=\"EN-US\">Levante-EMV, entrevista sobre expansi\u00f3n internacional \u2013 Septiembre 2024<\/span><\/b><\/p><p class=\"x_MsoNormal\"><span lang=\"EN-US\">Led\u00f3 habl\u00f3 sobre los planes de expansi\u00f3n de Veganic Nature, incluyendo la apertura de filiales en Argentina, M\u00e9xico y Malasia, y su objetivo de convertir la empresa en un unicornio del biocontrol en cinco a\u00f1os.<\/span><\/p><p class=\"x_MsoNormal\"><span lang=\"EN-US\"> <\/span><\/p><p class=\"x_MsoNormal\"><b><span lang=\"EN-US\">Econom\u00eda 3, participaci\u00f3n en mesa redonda sobre el sector agroalimentario \u2013 Junio 2024<\/span><\/b><\/p><p class=\"x_MsoNormal\"><span lang=\"EN-US\">Particip\u00f3 en un debate sobre los retos del sector agroalimentario, abordando temas como la rentabilidad, la innovaci\u00f3n y el relevo generacional.<\/span><\/p><p class=\"x_MsoNormal\"><b><span lang=\"EN-US\"> <\/span><\/b><\/p><p class=\"x_MsoNormal\"><b><span lang=\"EN-US\">Levante-EMV, participaci\u00f3n en Planeta Agro \u2013 Octubre 2024<\/span><\/b><\/p><p class=\"x_MsoNormal\"><span lang=\"EN-US\">En este evento, Led\u00f3 abog\u00f3 por atraer a los j\u00f3venes al campo y destac\u00f3 la necesidad de valorar el trabajo de los agricultores como h\u00e9roes que alimentan al planeta.<\/span><\/p><p class=\"x_MsoNormal\"><span lang=\"EN-US\"> <\/span><\/p><p class=\"x_MsoNormal\"><b><span lang=\"EN-US\">Fruittoday, edici\u00f3n de enero \u2013 Enero 2023<\/span><\/b><\/p><p class=\"x_MsoNormal\"><span lang=\"EN-US\">Art\u00edculo destacado sobre innovaciones en biocontrol y el impacto de Veganic en la agricultura sostenible.<\/span><\/p><p class=\"x_MsoNormal\"><span lang=\"EN-US\"> <\/span><\/p><p class=\"x_MsoNormal\"><b><span lang=\"EN-US\">Econom\u00eda 3, n\u00famero 299 \u2013 Abril 2018<\/span><\/b><\/p><p class=\"x_MsoNormal\"><span lang=\"EN-US\">Entrevista centrada en el crecimiento de Idai Nature y la visi\u00f3n emprendedora de Led\u00f3 en el campo de la biotecnolog\u00eda agr\u00edcola.<\/span><\/p><p class=\"x_MsoNormal\"><span lang=\"EN-US\"> <\/span><\/p><p class=\"x_MsoNormal\"><b><span lang=\"EN-US\">Las Provincias, m\u00faltiples ediciones \u2013 2018\u20132020<\/span><\/b><\/p><p class=\"x_MsoNormal\"><span lang=\"EN-US\">Cobertura de las iniciativas emprendedoras de Led\u00f3 y su impacto en la agricultura valenciana.<\/span><\/p><p class=\"x_MsoNormal\"><span lang=\"EN-US\"> <\/span><\/p><p class=\"x_MsoNormal\"><b><span lang=\"EN-US\">Levante-EMV, m\u00faltiples ediciones \u2013 2018\u20132019<\/span><\/b><\/p><p class=\"x_MsoNormal\"><span lang=\"EN-US\">Art\u00edculos sobre las contribuciones de Led\u00f3 al sector agr\u00edcola y su enfoque en pr\u00e1cticas sostenibles.<\/span><\/p><p class=\"x_MsoNormal\"><span lang=\"EN-US\"> <\/span><\/p><p class=\"x_MsoNormal\"><b>El Debate (Culiac\u00e1n, M\u00e9xico), prensa nacional mexicana \u2013 Mayo 2018<\/b><\/p><p class=\"x_MsoNormal\"><span lang=\"EN-US\">Entrevista sobre la expansi\u00f3n internacional de Idai Nature y las oportunidades en el mercado mexicano.<\/span><\/p><p class=\"x_MsoNormal\"><span lang=\"EN-US\"> <\/span><\/p><p class=\"x_MsoNormal\"><span lang=\"EN-US\">Carlos Led\u00f3 es un f\u00e9rreo defensor de los <b>valores <\/b><\/span><b><span lang=\"EN-US\">\u200b\u200b<\/span><\/b><b><span lang=\"EN-US\">como el fundamento esencial de la vida<\/span><\/b><span lang=\"EN-US\">. Esta filosof\u00eda se refleja en todas las empresas que ha fundado, creando equipos impulsados por principios y \u00e9tica por encima de cualquier objetivo comercial.<\/span><\/p>\t\t\t\t\t\t\t\t<\/div>\n\t\t\t\t<\/div>\n\t\t\t\t\t<\/div>\n\t\t\t\t<\/div>\n\t\t\t\t<\/div>\n\t\t","protected":false},"excerpt":{"rendered":"<p>Conozca a nuestro fundador Carlos Led\u00f3 Linkedin Estimado agricultor: Espero que este mensaje le encuentre bien y que sus cultivos est\u00e9n creciendo fuertes y saludables. Hoy, me dirijo a usted para compartirle un nuevo cap\u00edtulo profundamente personal y emocionante, que refleja no solo mi pasi\u00f3n por la agricultura sostenible, sino tambi\u00e9n un profundo respeto por [&hellip;]<\/p>\n","protected":false},"author":1,"featured_media":0,"parent":0,"menu_order":0,"comment_status":"closed","ping_status":"closed","template":"","meta":{"footnotes":""},"class_list":["post-21377","page","type-page","status-publish","hentry"],"_links":{"self":[{"href":"https:\/\/veganic.bio\/es\/wp-json\/wp\/v2\/pages\/21377","targetHints":{"allow":["GET"]}}],"collection":[{"href":"https:\/\/veganic.bio\/es\/wp-json\/wp\/v2\/pages"}],"about":[{"href":"https:\/\/veganic.bio\/es\/wp-json\/wp\/v2\/types\/page"}],"author":[{"embeddable":true,"href":"https:\/\/veganic.bio\/es\/wp-json\/wp\/v2\/users\/1"}],"replies":[{"embeddable":true,"href":"https:\/\/veganic.bio\/es\/wp-json\/wp\/v2\/comments?post=21377"}],"version-history":[{"count":3,"href":"https:\/\/veganic.bio\/es\/wp-json\/wp\/v2\/pages\/21377\/revisions"}],"predecessor-version":[{"id":30793,"href":"https:\/\/veganic.bio\/es\/wp-json\/wp\/v2\/pages\/21377\/revisions\/30793"}],"wp:attachment":[{"href":"https:\/\/veganic.bio\/es\/wp-json\/wp\/v2\/media?parent=21377"}],"curies":[{"name":"wp","href":"https:\/\/api.w.org\/{rel}","templated":true}]}}